{"id":3925,"date":"2022-01-25T09:08:42","date_gmt":"2022-01-25T09:08:42","guid":{"rendered":"https:\/\/www.vacanzebaratti.it\/der-betrieb\/"},"modified":"2026-02-20T14:01:07","modified_gmt":"2026-02-20T14:01:07","slug":"ferien-agrotourismus-baratti","status":"publish","type":"page","link":"https:\/\/www.vacanzebaratti.it\/de\/ferien-agrotourismus-baratti\/","title":{"rendered":"Der Betrieb"},"content":{"rendered":"<div class=\"bt_bb_wrapper\"><section id=\"bt_bb_section6a9a7a688a49e\"  class=\"bt_bb_section bt_bb_layout_wide bt_bb_vertical_align_top\" ><div class=\"bt_bb_port\"><div class=\"bt_bb_cell\"><div class=\"bt_bb_cell_inner\"><div class=\"bt_bb_row_wrapper\"><div  class=\"bt_bb_row\" ><div  class=\"bt_bb_column col-xl-12 bt_bb_align_right bt_bb_vertical_align_top bt_bb_padding_normal\"  data-width=\"12\" data-bt-override-class=\"{&quot;bt_bb_align_&quot;:{&quot;current_class&quot;:&quot;bt_bb_align_right&quot;,&quot;xl&quot;:&quot;right&quot;}}\"><div class=\"bt_bb_column_content\"><div class=\"bt_bb_column_content_inner\"><div class=\"bt_bb_floating_image bt_bb_floating_image_relative_responsive_no bt_bb_floating_image_horizontal_position_right bt_bb_floating_image_vertical_position_bottom bt_bb_floating_image_animation_delay_default bt_bb_floating_image_animation_duration_1400 bt_bb_floating_image_animation_style_ease_out bt_bb_hidden_xs bt_bb_hidden_ms\" style=\"top: 8em; z-index: 1;\" data-speed=\"0.6\" data-direction=\"\" ><div class=\"bt_bb_floating_image_image\" data-speed=\"0.6\" data-direction=\"\" ><div class=\"bt_bb_image\" data-bt-override-class=\"{}\"><span><img width=\"1024\" height=\"842\" src=\"https:\/\/www.vacanzebaratti.it\/wp-content\/uploads\/2020\/11\/shadow_leaves_01.png\" class=\"attachment-full size-full\" alt=\"https:\/\/www.vacanzebaratti.it\/wp-content\/uploads\/2020\/11\/shadow_leaves_01.png\" data-full_image_src=\"https:\/\/www.vacanzebaratti.it\/wp-content\/uploads\/2020\/11\/shadow_leaves_01.png\" title=\"shadow_leaves_01\" srcset=\"https:\/\/www.vacanzebaratti.it\/wp-content\/uploads\/2020\/11\/shadow_leaves_01.png 1024w, https:\/\/www.vacanzebaratti.it\/wp-content\/uploads\/2020\/11\/shadow_leaves_01-640x526.png 640w, https:\/\/www.vacanzebaratti.it\/wp-content\/uploads\/2020\/11\/shadow_leaves_01-768x632.png 768w, https:\/\/www.vacanzebaratti.it\/wp-content\/uploads\/2020\/11\/shadow_leaves_01-320x263.png 320w\" sizes=\"(max-width: 1024px) 100vw, 1024px\" \/><\/span><\/div><\/div><\/div><\/div><\/div><\/div><\/div><\/div><\/div><\/div><\/div><\/section><section id=\"bt_bb_section6a9a7a688aaa0\"  class=\"bt_bb_section bt_bb_top_spacing_large bt_bb_color_scheme_16 bt_bb_layout_boxed_1200 bt_bb_vertical_align_top\" ><div class=\"bt_bb_port\"><div class=\"bt_bb_cell\"><div class=\"bt_bb_cell_inner\"><div class=\"bt_bb_row_wrapper\"><div  class=\"bt_bb_row\" ><div  class=\"bt_bb_column col-xl-12 bt_bb_align_center bt_bb_vertical_align_top bt_bb_padding_normal bt_bb_animation_fade_in animate\"  data-width=\"12\" data-bt-override-class=\"{}\"><div class=\"bt_bb_column_content\"><div class=\"bt_bb_column_content_inner\"><header class=\"bt_bb_headline bt_bb_dash_none bt_bb_size_large bt_bb_superheadline bt_bb_align_inherit\" data-bt-override-class=\"{&quot;bt_bb_size_&quot;:{&quot;current_class&quot;:&quot;bt_bb_size_large&quot;,&quot;xl&quot;:&quot;large&quot;},&quot;bt_bb_align_&quot;:{&quot;current_class&quot;:&quot;bt_bb_align_inherit&quot;,&quot;xl&quot;:&quot;inherit&quot;}}\"><h1 class=\"bt_bb_headline_tag\"><span class=\"bt_bb_headline_superheadline\">FERIEN BARATTI<\/span><span class=\"bt_bb_headline_content\"><span>AGROTOURISMUS<\/span><\/span><\/h1><\/header><div class=\"bt_bb_separator bt_bb_bottom_spacing_medium bt_bb_border_style_none\"><\/div><\/div><\/div><\/div><\/div><\/div><div class=\"bt_bb_row_wrapper\"><div  class=\"bt_bb_row bt_bb_column_gap_50\" style=\"z-index: 2; position: relative;\"><div  class=\"bt_bb_column col-xl-6 bt_bb_align_center bt_bb_vertical_align_top bt_bb_padding_normal bt_bb_animation_fade_in bt_bb_animation_move_up animate\"  data-width=\"6\" data-bt-override-class=\"{}\"><div class=\"bt_bb_column_content\"><div class=\"bt_bb_column_content_inner\"><div class=\"bt_bb_image bt_bb_shape_square bt_bb_align_inherit bt_bb_hover_style_simple bt_bb_content_display_always bt_bb_content_align_middle bt_bb_bottom_margin_large\" data-bt-override-class=\"{}\"><span><img width=\"550\" height=\"657\" src=\"https:\/\/www.vacanzebaratti.it\/wp-content\/uploads\/2022\/01\/la-struttura.png\" class=\"attachment-full size-full\" alt=\"Agriturismo a Baratti\" data-full_image_src=\"https:\/\/www.vacanzebaratti.it\/wp-content\/uploads\/2022\/01\/la-struttura.png\" title=\"la-struttura\" srcset=\"https:\/\/www.vacanzebaratti.it\/wp-content\/uploads\/2022\/01\/la-struttura.png 550w, https:\/\/www.vacanzebaratti.it\/wp-content\/uploads\/2022\/01\/la-struttura-320x382.png 320w\" sizes=\"(max-width: 550px) 100vw, 550px\" \/><\/span><\/div><div class=\"bt_bb_separator bt_bb_bottom_spacing_medium bt_bb_border_style_none bt_bb_hidden_md bt_bb_hidden_lg\"><\/div><\/div><\/div><\/div><div  class=\"bt_bb_column col-xl-6 bt_bb_align_left bt_bb_vertical_align_middle bt_bb_padding_normal bt_bb_animation_fade_in animate\"  data-width=\"6\" data-bt-override-class=\"{}\"><div class=\"bt_bb_column_content\"><div class=\"bt_bb_column_content_inner\"><header class=\"bt_bb_headline bt_bb_dash_none bt_bb_size_normal bt_bb_align_inherit\" data-bt-override-class=\"{}\"><h2 class=\"bt_bb_headline_tag\"><span class=\"bt_bb_headline_content\"><span>Das Landgut San Giuseppe<\/span><\/span><\/h2><\/header><div class=\"bt_bb_separator bt_bb_bottom_spacing_normal bt_bb_border_style_none\"><\/div><div  class=\"bt_bb_text\" ><p>geh\u00f6rt unserer Familie seit 1954, als es unserem Gro\u00dfvater Angelo f\u00fcr Entwicklung der toskanischen Maremma zugewiesen wurde. F\u00fcr \u00fcber 50 Jahre wurde der Besitz nach regionaler Tradition bewirtschaftet.<\/p>\n<p>Infolge ver\u00e4nderter Bed\u00fcrfnisse unserer Familie und der Agrarwirtschaft haben wir jedoch vor kurzem einen Wandel eingeleitet, um das Landgut Naturfreunden und Fans unserer wunderbaren Region zur Verf\u00fcgung zu stellen und unter angemessener Ber\u00fccksichtigung seiner bisherigen Geschichte an die neuen Bed\u00fcrfnisse anzupassen.<\/p>\n<p>Der landwirtschaftliche Betrieb Lenzi Andrea mit dem Agrotourismus-Betrieb San Giuseppe, der nach dem gleichnamigen Landgut benannt wurde, liegt in der Bucht von Baratti, nur 400 m vom Strand entfernt.<\/p>\n<p>Dank der privilegierten Lage erreichen Sie <strong>den Strand bequem zu Fu\u00df in etwa 5 Minuten, ohne dass Sie ein Auto ben\u00f6tigen.<\/strong><\/p>\n<\/div><div class=\"bt_bb_separator bt_bb_bottom_spacing_50 bt_bb_border_style_none\"><\/div><div  class=\"bt_bb_row_inner\" ><div  class=\"bt_bb_column_inner col-xl-12 col-xs-12 col-sm-12 col-md-12 col-lg-12 bt_bb_align_left bt_bb_vertical_align_top\"  data-width=\"12\" data-bt-override-class=\"{}\"><div class=\"bt_bb_column_inner_content\"><div class=\"bt_bb_separator bt_bb_bottom_spacing_normal bt_bb_border_style_none bt_bb_hidden_md bt_bb_hidden_lg\"><\/div><\/div><\/div><\/div><div class=\"bt_bb_separator bt_bb_bottom_spacing_large bt_bb_border_style_none\"><\/div><\/div><\/div><\/div><\/div><\/div><\/div><\/div><\/div><\/section><section id=\"bt_bb_section6a9a7a688b6d6\"  class=\"bt_bb_section bt_bb_bottom_spacing_large bt_bb_color_scheme_14 bt_bb_layout_boxed_1200 bt_bb_vertical_align_top\" ><div class=\"bt_bb_port\"><div class=\"bt_bb_cell\"><div class=\"bt_bb_cell_inner\"><div class=\"bt_bb_row_wrapper\"><div  class=\"bt_bb_row bt_bb_column_gap_0\" ><div  class=\"bt_bb_column col-xl-5 col-xs-12 col-sm-12 col-md-12 col-lg-5 bt_bb_align_left bt_bb_vertical_align_middle bt_bb_order_md_2 bt_bb_order_sm_2 bt_bb_order_xs_2 bt_bb_padding_normal bt_bb_animation_fade_in bt_bb_animation_move_up animate\"  data-width=\"5\" data-bt-override-class=\"{&quot;bt_bb_align_&quot;:{&quot;current_class&quot;:&quot;bt_bb_align_left&quot;,&quot;xl&quot;:&quot;left&quot;}}\"><div class=\"bt_bb_column_content\"><div class=\"bt_bb_column_content_inner\"><div class=\"bt_bb_separator bt_bb_bottom_spacing_medium bt_bb_border_style_none\"><\/div><header class=\"bt_bb_headline bt_bb_dash_none bt_bb_size_normal bt_bb_align_inherit\" style=\" max-width: 360px;\" data-bt-override-class=\"{&quot;bt_bb_size_&quot;:{&quot;current_class&quot;:&quot;bt_bb_size_normal&quot;,&quot;xl&quot;:&quot;normal&quot;},&quot;bt_bb_align_&quot;:{&quot;current_class&quot;:&quot;bt_bb_align_inherit&quot;,&quot;xl&quot;:&quot;inherit&quot;}}\"><h3 class=\"bt_bb_headline_tag\"><span class=\"bt_bb_headline_content\"><span>Das Landgut<\/span><\/span><\/h3><\/header><div class=\"bt_bb_separator bt_bb_bottom_spacing_normal bt_bb_border_style_none\"><\/div><div  class=\"bt_bb_text\" ><p>Das Landgut erstreckt sich \u00fcber 5 Hektar und \u00fcberwiegend mit Olivenhainen bepflanzt. Die \u00fcber 700 Olivenb\u00e4ume gliedern sich in vier \u201eCultivar\u201c (Leccino, Leccio del Corno, Maurino und Pendolino). die \u00fcbrigen Fl\u00e4chen sind dem Anbau von Obst und Gem\u00fcse gewidmet.<\/p>\n<p>Der Agrotourismus-Betrieb verf\u00fcgt \u00fcber zwei Unterk\u00fcnfte: eine in einem alten Landhaus und die andere in einem neu errichteten \u00d6kobau.<\/p>\n<p>Die naturnahe Lage und die N\u00e4he zum Meer machen den Aufenthalt ideal f\u00fcr alle, die Entspannung auf dem Land mit Strandtagen verbinden m\u00f6chten.<\/p>\n<\/div><div class=\"bt_bb_separator bt_bb_bottom_spacing_normal bt_bb_border_style_none\"><\/div><\/div><\/div><\/div><div  class=\"bt_bb_column col-xl-1 col-xs-12 col-sm-12 col-md-12 col-lg-1 bt_bb_align_left bt_bb_vertical_align_top bt_bb_order_md_3 bt_bb_order_sm_3 bt_bb_order_xs_3 bt_bb_padding_normal\"  data-width=\"1\" data-bt-override-class=\"{&quot;bt_bb_align_&quot;:{&quot;current_class&quot;:&quot;bt_bb_align_left&quot;,&quot;xl&quot;:&quot;left&quot;}}\"><div class=\"bt_bb_column_content\"><div class=\"bt_bb_column_content_inner\"><\/div><\/div><\/div><div  class=\"bt_bb_column col-xl-6 col-xs-12 col-sm-12 col-md-12 col-lg-6 bt_bb_align_right bt_bb_vertical_align_top bt_bb_order_md_1 bt_bb_order_sm_1 bt_bb_order_xs_1 bt_bb_padding_normal bt_bb_animation_fade_in bt_bb_animation_move_up animate\"  data-width=\"6\" data-bt-override-class=\"{&quot;bt_bb_align_&quot;:{&quot;current_class&quot;:&quot;bt_bb_align_right&quot;,&quot;xl&quot;:&quot;right&quot;,&quot;md&quot;:&quot;center&quot;,&quot;sm&quot;:&quot;center&quot;,&quot;xs&quot;:&quot;center&quot;}}\"><div class=\"bt_bb_column_content\"><div class=\"bt_bb_column_content_inner\"><div class=\"bt_bb_image bt_bb_shape_square bt_bb_align_inherit bt_bb_hover_style_simple bt_bb_content_display_always bt_bb_content_align_middle\" data-bt-override-class=\"{}\"><span><img width=\"600\" height=\"435\" src=\"https:\/\/www.vacanzebaratti.it\/wp-content\/uploads\/2022\/01\/il-podere.png\" class=\"attachment-full size-full\" alt=\"https:\/\/www.vacanzebaratti.it\/wp-content\/uploads\/2022\/01\/il-podere.png\" data-full_image_src=\"https:\/\/www.vacanzebaratti.it\/wp-content\/uploads\/2022\/01\/il-podere.png\" title=\"il-podere\" srcset=\"https:\/\/www.vacanzebaratti.it\/wp-content\/uploads\/2022\/01\/il-podere.png 600w, https:\/\/www.vacanzebaratti.it\/wp-content\/uploads\/2022\/01\/il-podere-320x232.png 320w\" sizes=\"(max-width: 600px) 100vw, 600px\" \/><\/span><\/div><div class=\"bt_bb_separator bt_bb_bottom_spacing_medium bt_bb_border_style_none bt_bb_hidden_md bt_bb_hidden_lg\"><\/div><div class=\"bt_bb_floating_image bt_bb_floating_image_relative_responsive_yes bt_bb_floating_image_horizontal_position_left bt_bb_floating_image_vertical_position_bottom bt_bb_floating_image_animation_delay_0 bt_bb_floating_image_animation_duration_0 bt_bb_floating_image_animation_style_ease_out\" style=\"left: -5em; bottom: -10em;\" data-speed=\"0.4\" data-direction=\"\" ><div class=\"bt_bb_floating_image_image\" data-speed=\"0.4\" data-direction=\"\" ><div class=\"bt_bb_image\" data-bt-override-class=\"{}\"><span><img width=\"320\" height=\"320\" src=\"https:\/\/www.vacanzebaratti.it\/wp-content\/uploads\/2022\/01\/podere.png\" class=\"attachment-full size-full\" alt=\"https:\/\/www.vacanzebaratti.it\/wp-content\/uploads\/2022\/01\/podere.png\" data-full_image_src=\"https:\/\/www.vacanzebaratti.it\/wp-content\/uploads\/2022\/01\/podere.png\" title=\"podere\" srcset=\"https:\/\/www.vacanzebaratti.it\/wp-content\/uploads\/2022\/01\/podere.png 320w, https:\/\/www.vacanzebaratti.it\/wp-content\/uploads\/2022\/01\/podere-160x160.png 160w\" sizes=\"(max-width: 320px) 100vw, 320px\" \/><\/span><\/div><\/div><\/div><div class=\"bt_bb_separator bt_bb_bottom_spacing_medium bt_bb_border_style_none bt_bb_hidden_md bt_bb_hidden_lg\"><\/div><\/div><\/div><\/div><\/div><\/div><\/div><\/div><\/div><\/section><section id=\"bt_bb_section6a9a7a688c438\"  class=\"bt_bb_section bt_bb_bottom_spacing_medium bt_bb_color_scheme_14 bt_bb_layout_wide bt_bb_vertical_align_top\" ><div class=\"bt_bb_port\"><div class=\"bt_bb_cell\"><div class=\"bt_bb_cell_inner\"><div class=\"bt_bb_row_wrapper\"><div  class=\"bt_bb_row\" ><div  class=\"bt_bb_column col-xl-4 bt_bb_align_center bt_bb_vertical_align_top bt_bb_padding_normal bt_bb_animation_fade_in bt_bb_animation_move_up animate\"  data-width=\"4\" data-bt-override-class=\"{}\"><div class=\"bt_bb_column_content\"><div class=\"bt_bb_column_content_inner\"><div class=\"bt_bb_image bt_bb_shape_square bt_bb_align_inherit bt_bb_hover_style_simple bt_bb_content_display_always bt_bb_content_align_middle bt_bb_negative_margin_medium\" data-bt-override-class=\"{&quot;bt_bb_align_&quot;:{&quot;current_class&quot;:&quot;bt_bb_align_inherit&quot;,&quot;xl&quot;:&quot;inherit&quot;}}\"><span><img width=\"608\" height=\"798\" src=\"https:\/\/www.vacanzebaratti.it\/wp-content\/uploads\/2022\/01\/populonia-alta.png\" class=\"attachment-full size-full\" alt=\"https:\/\/www.vacanzebaratti.it\/wp-content\/uploads\/2022\/01\/populonia-alta.png\" data-full_image_src=\"https:\/\/www.vacanzebaratti.it\/wp-content\/uploads\/2022\/01\/populonia-alta.png\" title=\"populonia-alta\" srcset=\"https:\/\/www.vacanzebaratti.it\/wp-content\/uploads\/2022\/01\/populonia-alta.png 608w, https:\/\/www.vacanzebaratti.it\/wp-content\/uploads\/2022\/01\/populonia-alta-320x420.png 320w\" sizes=\"(max-width: 608px) 100vw, 608px\" \/><\/span><\/div><div class=\"bt_bb_separator bt_bb_bottom_spacing_medium bt_bb_border_style_none\"><\/div><\/div><\/div><\/div><div  class=\"bt_bb_column col-xl-4 bt_bb_align_left bt_bb_vertical_align_top bt_bb_padding_30 bt_bb_animation_fade_in animate\"  data-width=\"4\" data-bt-override-class=\"{}\"><div class=\"bt_bb_column_content\"><div class=\"bt_bb_column_content_inner\"><div class=\"bt_bb_separator bt_bb_bottom_spacing_large bt_bb_border_style_none bt_bb_hidden_xs bt_bb_hidden_ms bt_bb_hidden_sm\"><\/div><header class=\"bt_bb_headline bt_bb_dash_none bt_bb_size_normal bt_bb_align_inherit\" style=\" max-width: 360px;\" data-bt-override-class=\"{&quot;bt_bb_size_&quot;:{&quot;current_class&quot;:&quot;bt_bb_size_normal&quot;,&quot;xl&quot;:&quot;normal&quot;},&quot;bt_bb_align_&quot;:{&quot;current_class&quot;:&quot;bt_bb_align_inherit&quot;,&quot;xl&quot;:&quot;inherit&quot;}}\"><h3 class=\"bt_bb_headline_tag\"><span class=\"bt_bb_headline_content\"><span>Umgebung<\/span><\/span><\/h3><\/header><div  class=\"bt_bb_text\" style=\"max-width: 520px; margin: 0 auto;\"><p style=\"text-align: left;\">Die wundervollen Orte, die uns umgeben. Vom Arch\u00e4ologischen Park Populonia \u00fcber die Str\u00e4nde des Golfs von Baratti bis hin zu den D\u00f6rfern des Val di Cornia.<\/p>\n<\/div><div class=\"bt_bb_separator bt_bb_top_spacing_medium bt_bb_bottom_spacing_small bt_bb_border_style_solid bt_bb_border_color_accent\" style=\"; opacity: 0.5\"><\/div><div class=\"bt_bb_link\"><a href=\"https:\/\/www.vacanzebaratti.it\/de\/ortschaften\/\" target=\"_self\" class=\"bt_bb_link_content\" title=\"Ortschaften \"><span class=\"bt_bb_link_text\">Ortschaften <\/span><span class=\"bt_bb_link_icon\"><\/span><\/a><\/div><div class=\"bt_bb_separator bt_bb_top_spacing_small bt_bb_bottom_spacing_small bt_bb_border_style_solid bt_bb_border_color_accent\" style=\"; opacity: 0.5\"><\/div><div class=\"bt_bb_link\"><a href=\"https:\/\/www.vacanzebaratti.it\/de\/straende\/\" target=\"_self\" class=\"bt_bb_link_content\" title=\"Str\u00e4nde\"><span class=\"bt_bb_link_text\">Str\u00e4nde<\/span><span class=\"bt_bb_link_icon\"><\/span><\/a><\/div><div class=\"bt_bb_separator bt_bb_top_spacing_small bt_bb_bottom_spacing_small bt_bb_border_style_solid bt_bb_border_color_accent\" style=\"; opacity: 0.5\"><\/div><div class=\"bt_bb_link\"><a href=\"https:\/\/www.vacanzebaratti.it\/de\/parks\/\" target=\"_self\" class=\"bt_bb_link_content\" title=\"Parks\"><span class=\"bt_bb_link_text\">Parks<\/span><span class=\"bt_bb_link_icon\"><\/span><\/a><\/div><div class=\"bt_bb_separator bt_bb_top_spacing_small bt_bb_bottom_spacing_medium bt_bb_border_style_solid bt_bb_border_color_accent\" style=\"; opacity: 0.5\"><\/div><div class=\"bt_bb_link\"><a href=\"https:\/\/www.vacanzebaratti.it\/de\/baratti\/\" target=\"_self\" class=\"bt_bb_link_content\" title=\"Baratti\"><span class=\"bt_bb_link_text\">Baratti<\/span><span class=\"bt_bb_link_icon\"><\/span><\/a><\/div><\/div><\/div><\/div><div  class=\"bt_bb_column col-xl-4 bt_bb_align_center bt_bb_vertical_align_top bt_bb_padding_normal bt_bb_animation_fade_in bt_bb_animation_move_up animate\"  data-width=\"4\" data-bt-override-class=\"{}\"><div class=\"bt_bb_column_content\"><div class=\"bt_bb_column_content_inner\"><div class=\"bt_bb_separator bt_bb_bottom_spacing_large bt_bb_border_style_none bt_bb_hidden_xs bt_bb_hidden_ms bt_bb_hidden_sm\"><\/div><div class=\"bt_bb_image btRightMargin bt_bb_shape_square bt_bb_align_inherit bt_bb_hover_style_simple bt_bb_content_display_always bt_bb_content_align_middle\" data-bt-override-class=\"{&quot;bt_bb_align_&quot;:{&quot;current_class&quot;:&quot;bt_bb_align_inherit&quot;,&quot;xl&quot;:&quot;inherit&quot;}}\"><span><img width=\"538\" height=\"554\" src=\"https:\/\/www.vacanzebaratti.it\/wp-content\/uploads\/2022\/01\/spiaggia-marinadicastagneto.png\" class=\"attachment-full size-full\" alt=\"https:\/\/www.vacanzebaratti.it\/wp-content\/uploads\/2022\/01\/spiaggia-marinadicastagneto.png\" data-full_image_src=\"https:\/\/www.vacanzebaratti.it\/wp-content\/uploads\/2022\/01\/spiaggia-marinadicastagneto.png\" title=\"spiaggia-marinadicastagneto\" srcset=\"https:\/\/www.vacanzebaratti.it\/wp-content\/uploads\/2022\/01\/spiaggia-marinadicastagneto.png 538w, https:\/\/www.vacanzebaratti.it\/wp-content\/uploads\/2022\/01\/spiaggia-marinadicastagneto-320x330.png 320w\" sizes=\"(max-width: 538px) 100vw, 538px\" \/><\/span><\/div><div class=\"bt_bb_separator bt_bb_bottom_spacing_medium bt_bb_border_style_none\"><\/div><\/div><\/div><\/div><\/div><\/div><\/div><\/div><\/div><\/section><section id=\"bt_bb_section6a9a7a688d0d9\"  class=\"bt_bb_section bt_bb_top_spacing_medium bt_bb_bottom_spacing_normal bt_bb_layout_boxed_800 bt_bb_vertical_align_top\" ><div class=\"bt_bb_port\"><div class=\"bt_bb_cell\"><div class=\"bt_bb_cell_inner\"><div class=\"bt_bb_row_wrapper\"><div  class=\"bt_bb_row\" ><div  class=\"bt_bb_column col-xl-12 col-xs-12 col-sm-12 col-md-12 col-lg-12 bt_bb_align_left bt_bb_vertical_align_bottom bt_bb_padding_normal bt_bb_animation_fade_in animate\"  data-width=\"12\" data-bt-override-class=\"{&quot;bt_bb_align_&quot;:{&quot;current_class&quot;:&quot;bt_bb_align_left&quot;,&quot;xl&quot;:&quot;left&quot;}}\"><div class=\"bt_bb_column_content\"><div class=\"bt_bb_column_content_inner\"><header class=\"bt_bb_headline bt_bb_dash_none bt_bb_subtitle_style_regular bt_bb_size_normal bt_bb_align_inherit\" data-bt-override-class=\"{&quot;bt_bb_size_&quot;:{&quot;current_class&quot;:&quot;bt_bb_size_normal&quot;,&quot;xl&quot;:&quot;normal&quot;},&quot;bt_bb_align_&quot;:{&quot;current_class&quot;:&quot;bt_bb_align_inherit&quot;,&quot;xl&quot;:&quot;inherit&quot;}}\"><h3 class=\"bt_bb_headline_tag\"><span class=\"bt_bb_headline_content\"><span>Sie m\u00f6chten buchen? Kontaktieren Sie uns jetzt.<\/span><\/span><\/h3><\/header><div class=\"bt_bb_separator bt_bb_top_spacing_medium bt_bb_border_style_none\"><\/div><div class=\"bt_bb_contact_form_7\"><div role=\"form\" class=\"wpcf7\" id=\"wpcf7-f7616-o1\" lang=\"en-US\" dir=\"ltr\">\n<div class=\"screen-reader-response\"><p role=\"status\" aria-live=\"polite\" aria-atomic=\"true\"><\/p> <ul><\/ul><\/div>\n<form action=\"\/de\/wp-json\/wp\/v2\/pages\/3925#wpcf7-f7616-o1\" method=\"post\" class=\"wpcf7-form init\" novalidate=\"novalidate\" data-status=\"init\">\n<div style=\"display: none;\">\n<input type=\"hidden\" name=\"_wpcf7\" value=\"7616\" \/>\n<input type=\"hidden\" name=\"_wpcf7_version\" value=\"5.5.3\" \/>\n<input type=\"hidden\" name=\"_wpcf7_locale\" value=\"en_US\" \/>\n<input type=\"hidden\" name=\"_wpcf7_unit_tag\" value=\"wpcf7-f7616-o1\" \/>\n<input type=\"hidden\" name=\"_wpcf7_container_post\" value=\"0\" \/>\n<input type=\"hidden\" name=\"_wpcf7_posted_data_hash\" value=\"\" \/>\n<\/div>\n<div class=\"tm-commonform tm-contactform-01\">\n<div class=\"bt_bb_row bt_bb_column_gap_0\">\n<div class=\"bt_bb_column col-xl-6 col-lg-6 col-md-6 col-sm-12 col-xs-12\">\n      <span class=\"wpcf7-form-control-wrap your-name\"><input type=\"text\" name=\"your-name\" value=\"\" size=\"40\" class=\"wpcf7-form-control wpcf7-text wpcf7-validates-as-required\" autocomplete=\"name\" aria-required=\"true\" aria-invalid=\"false\" placeholder=\"Vorname und Nachname\" \/><\/span>\n    <\/div>\n<div class=\"bt_bb_column col-xl-6 col-lg-6 col-md-6 col-sm-12 col-xs-12\">\n      <span class=\"wpcf7-form-control-wrap your-email\"><input type=\"email\" name=\"your-email\" value=\"\" size=\"40\" class=\"wpcf7-form-control wpcf7-text wpcf7-email wpcf7-validates-as-required wpcf7-validates-as-email\" autocomplete=\"email\" aria-required=\"true\" aria-invalid=\"false\" placeholder=\"E-mail\" \/><\/span>\n    <\/div>\n<\/div>\n<div class=\"bt_bb_row bt_bb_column_gap_0\">\n<div class=\"bt_bb_column col-xl-6 col-lg-6 col-md-6 col-sm-12 col-xs-12\">\n      <span class=\"wpcf7-form-control-wrap checkin\"><input type=\"date\" name=\"checkin\" value=\"\" class=\"wpcf7-form-control wpcf7-date wpcf7-validates-as-required wpcf7-validates-as-date\" aria-required=\"true\" aria-invalid=\"false\" placeholder=\"Ankunftsdatum\" \/><\/span>\n    <\/div>\n<div class=\"bt_bb_column col-xl-6 col-lg-6 col-md-6 col-sm-12 col-xs-12\">\n      <span class=\"wpcf7-form-control-wrap checkout\"><input type=\"date\" name=\"checkout\" value=\"\" class=\"wpcf7-form-control wpcf7-date wpcf7-validates-as-required wpcf7-validates-as-date\" aria-required=\"true\" aria-invalid=\"false\" placeholder=\"Abreisedatum\" \/><\/span>\n    <\/div>\n<\/div>\n<div class=\"bt_bb_row bt_bb_column_gap_0\">\n<div class=\"bt_bb_column col-xl-6 col-lg-6 col-md-6 col-sm-12 col-xs-12\">\n      <span class=\"wpcf7-form-control-wrap adults\"><input type=\"number\" name=\"adults\" value=\"\" class=\"wpcf7-form-control wpcf7-number wpcf7-validates-as-required wpcf7-validates-as-number\" min=\"1\" aria-required=\"true\" aria-invalid=\"false\" placeholder=\"Anzahl Erwachsene\" \/><\/span>\n    <\/div>\n<div class=\"bt_bb_column col-xl-6 col-lg-6 col-md-6 col-sm-12 col-xs-12\">\n      <span class=\"wpcf7-form-control-wrap children\"><input type=\"number\" name=\"children\" value=\"\" class=\"wpcf7-form-control wpcf7-number wpcf7-validates-as-number\" min=\"0\" aria-invalid=\"false\" placeholder=\"Anzahl der Kinder\" \/><\/span>\n    <\/div>\n<\/div>\n<p>  <!-- Messaggio largo ma non gigantesco --><\/p>\n<div class=\"bt_bb_row bt_bb_column_gap_0\">\n<div class=\"bt_bb_column col-xl-12 col-lg-12 col-md-12 col-sm-12 col-xs-12\">\n      <span class=\"wpcf7-form-control-wrap your-message\"><textarea name=\"your-message\" cols=\"40\" rows=\"4\" class=\"wpcf7-form-control wpcf7-textarea\" aria-invalid=\"false\" placeholder=\"Sonderw\u00fcnsche oder zus\u00e4tzliche Informationen...\"><\/textarea><\/span>\n    <\/div>\n<\/div>\n<p><br><\/p>\n<div class=\"privacy-acceptance\">\n  <span class=\"wpcf7-form-control-wrap accettazione\"><span class=\"wpcf7-form-control wpcf7-acceptance\"><span class=\"wpcf7-list-item\"><label><input type=\"checkbox\" name=\"accettazione\" value=\"1\" aria-invalid=\"false\" \/><span class=\"wpcf7-list-item-label\">Ich erkl\u00e4re, dass ich die Datenschutzbestimmungen gelesen habe und der Verarbeitung meiner personenbezogenen Daten zu den angegebenen Zwecken zustimme.<\/span><\/label><\/span><\/span><\/span>\n  <\/div>\n<p><br><\/p>\n<div class=\"tm-contact-btn tm-btn-color-darkgrey tm-btn-style-outline tm-btn-shape-square elementor-widget elementor-widget-button\">\n    <input type=\"submit\" value=\"Fordern Sie ein Angebot an\" class=\"wpcf7-form-control has-spinner wpcf7-submit elementor-button-link elementor-button elementor-size-md\" \/>\n  <\/div>\n<div class=\"wpcf7-response-output\" aria-hidden=\"true\"><\/div>\n<\/div>\n<\/form><\/div><\/div><\/div><\/div><\/div><\/div><\/div><\/div><\/div><\/div><\/section><\/div>","protected":false},"excerpt":{"rendered":"","protected":false},"author":1,"featured_media":0,"parent":0,"menu_order":0,"comment_status":"closed","ping_status":"closed","template":"","meta":[],"yoast_head":"<!-- This site is optimized with the Yoast SEO plugin v18.0 - https:\/\/yoast.com\/wordpress\/plugins\/seo\/ -->\n<title>Ferien Agrotourismus Baratti Toskana - Agriturismo San Giuseppe<\/title>\n<meta name=\"description\" content=\"Das Agrotourismus San Giuseppe in Baratti liegt nur 400 Meter vom Meer entfernt und ist eingebettet in die Ruhe seines 5 Hektar gro\u00dfen Landes.\" \/>\n<meta name=\"robots\" content=\"index, follow, max-snippet:-1, max-image-preview:large, max-video-preview:-1\" \/>\n<link rel=\"canonical\" href=\"https:\/\/www.vacanzebaratti.it\/de\/ferien-agrotourismus-baratti\/\" \/>\n<meta property=\"og:locale\" content=\"de_DE\" \/>\n<meta property=\"og:type\" content=\"article\" \/>\n<meta property=\"og:title\" content=\"Ferien Agrotourismus Baratti Toskana - Agriturismo San Giuseppe\" \/>\n<meta property=\"og:description\" content=\"Das Agrotourismus San Giuseppe in Baratti liegt nur 400 Meter vom Meer entfernt und ist eingebettet in die Ruhe seines 5 Hektar gro\u00dfen Landes.\" \/>\n<meta property=\"og:url\" content=\"https:\/\/www.vacanzebaratti.it\/de\/ferien-agrotourismus-baratti\/\" \/>\n<meta property=\"og:site_name\" content=\"Agriturismo San Giuseppe\" \/>\n<meta property=\"article:modified_time\" content=\"2026-02-20T14:01:07+00:00\" \/>\n<meta name=\"twitter:card\" content=\"summary_large_image\" \/>\n<meta name=\"twitter:label1\" content=\"Gesch\u00e4tzte Lesezeit\" \/>\n\t<meta name=\"twitter:data1\" content=\"10\u00a0Minuten\" \/>\n<script type=\"application\/ld+json\" class=\"yoast-schema-graph\">{\"@context\":\"https:\/\/schema.org\",\"@graph\":[{\"@type\":\"Organization\",\"@id\":\"https:\/\/www.vacanzebaratti.it\/#organization\",\"name\":\"Podere San Giuseppe\",\"url\":\"https:\/\/www.vacanzebaratti.it\/\",\"sameAs\":[],\"logo\":{\"@type\":\"ImageObject\",\"@id\":\"https:\/\/www.vacanzebaratti.it\/#logo\",\"inLanguage\":\"de\",\"url\":\"https:\/\/www.vacanzebaratti.it\/wp-content\/uploads\/2022\/05\/sangiuseppe-favicon.png\",\"contentUrl\":\"https:\/\/www.vacanzebaratti.it\/wp-content\/uploads\/2022\/05\/sangiuseppe-favicon.png\",\"width\":512,\"height\":512,\"caption\":\"Podere San Giuseppe\"},\"image\":{\"@id\":\"https:\/\/www.vacanzebaratti.it\/#logo\"}},{\"@type\":\"WebSite\",\"@id\":\"https:\/\/www.vacanzebaratti.it\/#website\",\"url\":\"https:\/\/www.vacanzebaratti.it\/\",\"name\":\"Agriturismo San Giuseppe\",\"description\":\"Agriturismo a Baratti\",\"publisher\":{\"@id\":\"https:\/\/www.vacanzebaratti.it\/#organization\"},\"potentialAction\":[{\"@type\":\"SearchAction\",\"target\":{\"@type\":\"EntryPoint\",\"urlTemplate\":\"https:\/\/www.vacanzebaratti.it\/?s={search_term_string}\"},\"query-input\":\"required name=search_term_string\"}],\"inLanguage\":\"de\"},{\"@type\":\"WebPage\",\"@id\":\"https:\/\/www.vacanzebaratti.it\/de\/ferien-agrotourismus-baratti\/#webpage\",\"url\":\"https:\/\/www.vacanzebaratti.it\/de\/ferien-agrotourismus-baratti\/\",\"name\":\"Ferien Agrotourismus Baratti Toskana - Agriturismo San Giuseppe\",\"isPartOf\":{\"@id\":\"https:\/\/www.vacanzebaratti.it\/#website\"},\"datePublished\":\"2022-01-25T09:08:42+00:00\",\"dateModified\":\"2026-02-20T14:01:07+00:00\",\"description\":\"Das Agrotourismus San Giuseppe in Baratti liegt nur 400 Meter vom Meer entfernt und ist eingebettet in die Ruhe seines 5 Hektar gro\u00dfen Landes.\",\"breadcrumb\":{\"@id\":\"https:\/\/www.vacanzebaratti.it\/de\/ferien-agrotourismus-baratti\/#breadcrumb\"},\"inLanguage\":\"de\",\"potentialAction\":[{\"@type\":\"ReadAction\",\"target\":[\"https:\/\/www.vacanzebaratti.it\/de\/ferien-agrotourismus-baratti\/\"]}]},{\"@type\":\"BreadcrumbList\",\"@id\":\"https:\/\/www.vacanzebaratti.it\/de\/ferien-agrotourismus-baratti\/#breadcrumb\",\"itemListElement\":[{\"@type\":\"ListItem\",\"position\":1,\"name\":\"Home\",\"item\":\"https:\/\/www.vacanzebaratti.it\/de\/\"},{\"@type\":\"ListItem\",\"position\":2,\"name\":\"Der Betrieb\"}]}]}<\/script>\n<!-- \/ Yoast SEO plugin. -->","yoast_head_json":{"title":"Ferien Agrotourismus Baratti Toskana - Agriturismo San Giuseppe","description":"Das Agrotourismus San Giuseppe in Baratti liegt nur 400 Meter vom Meer entfernt und ist eingebettet in die Ruhe seines 5 Hektar gro\u00dfen Landes.","robots":{"index":"index","follow":"follow","max-snippet":"max-snippet:-1","max-image-preview":"max-image-preview:large","max-video-preview":"max-video-preview:-1"},"canonical":"https:\/\/www.vacanzebaratti.it\/de\/ferien-agrotourismus-baratti\/","og_locale":"de_DE","og_type":"article","og_title":"Ferien Agrotourismus Baratti Toskana - Agriturismo San Giuseppe","og_description":"Das Agrotourismus San Giuseppe in Baratti liegt nur 400 Meter vom Meer entfernt und ist eingebettet in die Ruhe seines 5 Hektar gro\u00dfen Landes.","og_url":"https:\/\/www.vacanzebaratti.it\/de\/ferien-agrotourismus-baratti\/","og_site_name":"Agriturismo San Giuseppe","article_modified_time":"2026-02-20T14:01:07+00:00","twitter_card":"summary_large_image","twitter_misc":{"Gesch\u00e4tzte Lesezeit":"10\u00a0Minuten"},"schema":{"@context":"https:\/\/schema.org","@graph":[{"@type":"Organization","@id":"https:\/\/www.vacanzebaratti.it\/#organization","name":"Podere San Giuseppe","url":"https:\/\/www.vacanzebaratti.it\/","sameAs":[],"logo":{"@type":"ImageObject","@id":"https:\/\/www.vacanzebaratti.it\/#logo","inLanguage":"de","url":"https:\/\/www.vacanzebaratti.it\/wp-content\/uploads\/2022\/05\/sangiuseppe-favicon.png","contentUrl":"https:\/\/www.vacanzebaratti.it\/wp-content\/uploads\/2022\/05\/sangiuseppe-favicon.png","width":512,"height":512,"caption":"Podere San Giuseppe"},"image":{"@id":"https:\/\/www.vacanzebaratti.it\/#logo"}},{"@type":"WebSite","@id":"https:\/\/www.vacanzebaratti.it\/#website","url":"https:\/\/www.vacanzebaratti.it\/","name":"Agriturismo San Giuseppe","description":"Agriturismo a Baratti","publisher":{"@id":"https:\/\/www.vacanzebaratti.it\/#organization"},"potentialAction":[{"@type":"SearchAction","target":{"@type":"EntryPoint","urlTemplate":"https:\/\/www.vacanzebaratti.it\/?s={search_term_string}"},"query-input":"required name=search_term_string"}],"inLanguage":"de"},{"@type":"WebPage","@id":"https:\/\/www.vacanzebaratti.it\/de\/ferien-agrotourismus-baratti\/#webpage","url":"https:\/\/www.vacanzebaratti.it\/de\/ferien-agrotourismus-baratti\/","name":"Ferien Agrotourismus Baratti Toskana - Agriturismo San Giuseppe","isPartOf":{"@id":"https:\/\/www.vacanzebaratti.it\/#website"},"datePublished":"2022-01-25T09:08:42+00:00","dateModified":"2026-02-20T14:01:07+00:00","description":"Das Agrotourismus San Giuseppe in Baratti liegt nur 400 Meter vom Meer entfernt und ist eingebettet in die Ruhe seines 5 Hektar gro\u00dfen Landes.","breadcrumb":{"@id":"https:\/\/www.vacanzebaratti.it\/de\/ferien-agrotourismus-baratti\/#breadcrumb"},"inLanguage":"de","potentialAction":[{"@type":"ReadAction","target":["https:\/\/www.vacanzebaratti.it\/de\/ferien-agrotourismus-baratti\/"]}]},{"@type":"BreadcrumbList","@id":"https:\/\/www.vacanzebaratti.it\/de\/ferien-agrotourismus-baratti\/#breadcrumb","itemListElement":[{"@type":"ListItem","position":1,"name":"Home","item":"https:\/\/www.vacanzebaratti.it\/de\/"},{"@type":"ListItem","position":2,"name":"Der Betrieb"}]}]}},"_links":{"self":[{"href":"https:\/\/www.vacanzebaratti.it\/de\/wp-json\/wp\/v2\/pages\/3925"}],"collection":[{"href":"https:\/\/www.vacanzebaratti.it\/de\/wp-json\/wp\/v2\/pages"}],"about":[{"href":"https:\/\/www.vacanzebaratti.it\/de\/wp-json\/wp\/v2\/types\/page"}],"author":[{"embeddable":true,"href":"https:\/\/www.vacanzebaratti.it\/de\/wp-json\/wp\/v2\/users\/1"}],"replies":[{"embeddable":true,"href":"https:\/\/www.vacanzebaratti.it\/de\/wp-json\/wp\/v2\/comments?post=3925"}],"version-history":[{"count":25,"href":"https:\/\/www.vacanzebaratti.it\/de\/wp-json\/wp\/v2\/pages\/3925\/revisions"}],"predecessor-version":[{"id":7727,"href":"https:\/\/www.vacanzebaratti.it\/de\/wp-json\/wp\/v2\/pages\/3925\/revisions\/7727"}],"wp:attachment":[{"href":"https:\/\/www.vacanzebaratti.it\/de\/wp-json\/wp\/v2\/media?parent=3925"}],"curies":[{"name":"wp","href":"https:\/\/api.w.org\/{rel}","templated":true}]}}