{"id":3941,"date":"2022-01-25T09:57:24","date_gmt":"2022-01-25T09:57:24","guid":{"rendered":"https:\/\/www.vacanzebaratti.it\/parks\/"},"modified":"2026-02-20T14:09:51","modified_gmt":"2026-02-20T14:09:51","slug":"parks","status":"publish","type":"page","link":"https:\/\/www.vacanzebaratti.it\/de\/parks\/","title":{"rendered":"Parks"},"content":{"rendered":"<div class=\"bt_bb_wrapper\"><section id=\"bt_bb_section6a9a7a33031e0\"  class=\"bt_bb_section bt_bb_top_spacing_large bt_bb_bottom_spacing_large bt_bb_color_scheme_1 bt_bb_layout_boxed_1000 bt_bb_vertical_align_top bt_bb_background_image\" style=\"background-image:url(&#039;https:\/\/www.vacanzebaratti.it\/wp-content\/uploads\/2026\/02\/parchidellavaldicornia.jpg&#039;);\"><div class=\"bt_bb_port\"><div class=\"bt_bb_cell\"><div class=\"bt_bb_cell_inner\"><div class=\"bt_bb_row_wrapper\"><div  class=\"bt_bb_row\" ><div  class=\"bt_bb_column col-xl-12 bt_bb_align_center bt_bb_vertical_align_middle bt_bb_padding_normal bt_bb_animation_fade_in bt_bb_animation_move_up animate\"  data-width=\"12\" data-bt-override-class=\"{}\"><div class=\"bt_bb_column_content\"><div class=\"bt_bb_column_content_inner\"><div class=\"bt_bb_icon bt_bb_color_scheme_6 bt_bb_style_borderless bt_bb_size_xlarge bt_bb_shape_circle bt_bb_align_inherit\" data-bt-override-class=\"{}\"><span  data-ico-drawings=\"&#xe908;\" class=\"bt_bb_icon_holder\"><\/span><\/div><div class=\"bt_bb_separator bt_bb_bottom_spacing_small bt_bb_border_style_none\"><\/div><header class=\"bt_bb_headline bt_bb_dash_none bt_bb_size_large bt_bb_superheadline bt_bb_align_inherit\" data-bt-override-class=\"{&quot;bt_bb_size_&quot;:{&quot;current_class&quot;:&quot;bt_bb_size_large&quot;,&quot;xl&quot;:&quot;large&quot;},&quot;bt_bb_align_&quot;:{&quot;current_class&quot;:&quot;bt_bb_align_inherit&quot;,&quot;xl&quot;:&quot;inherit&quot;}}\"><h1 class=\"bt_bb_headline_tag\"><span class=\"bt_bb_headline_superheadline\">UMGEBUNG<\/span><span class=\"bt_bb_headline_content\"><span>Parks<\/span><\/span><\/h1><\/header><div class=\"bt_bb_separator bt_bb_bottom_spacing_medium bt_bb_border_style_none bt_bb_hidden_xs bt_bb_hidden_ms bt_bb_hidden_sm\"><\/div><\/div><\/div><\/div><\/div><\/div><\/div><\/div><\/div><\/section><section id=\"bt_bb_section6a9a7a3303692\"  class=\"bt_bb_section bt_bb_layout_wide bt_bb_vertical_align_top\" ><div class=\"bt_bb_port\"><div class=\"bt_bb_cell\"><div class=\"bt_bb_cell_inner\"><div class=\"bt_bb_row_wrapper\"><div  class=\"bt_bb_row bt_bb_column_gap_0\" ><div  class=\"bt_bb_column col-xl-7 col-xs-12 col-sm-12 col-md-12 col-lg-6 bt_bb_align_center bt_bb_vertical_align_middle bt_bb_padding_20 bt_bb_animation_fade_in animate\"  data-width=\"7\" data-bt-override-class=\"{}\"><div class=\"bt_bb_column_content\"><div class=\"bt_bb_column_content_inner\"><div class=\"bt_bb_separator bt_bb_bottom_spacing_medium bt_bb_border_style_none\"><\/div><div class=\"bt_bb_icon bt_bb_color_scheme_3 bt_bb_style_borderless bt_bb_size_xlarge bt_bb_shape_circle bt_bb_align_inherit\" data-bt-override-class=\"{}\"><span  data-ico-drawings=\"&#xe923;\" class=\"bt_bb_icon_holder\"><\/span><\/div><div class=\"bt_bb_separator bt_bb_bottom_spacing_extra_small bt_bb_border_style_none\"><\/div><header class=\"bt_bb_headline bt_bb_dash_none bt_bb_size_normal bt_bb_superheadline bt_bb_align_inherit\" style=\" max-width: 530px; margin: 0 auto;\" data-bt-override-class=\"{}\"><h3 class=\"bt_bb_headline_tag\"><span class=\"bt_bb_headline_superheadline\">Arch\u00e4ologischer Park von<\/span><span class=\"bt_bb_headline_content\"><span>Baratti und Populonia und Museum Gasparri<\/span><\/span><\/h3><\/header><div class=\"bt_bb_separator bt_bb_bottom_spacing_normal bt_bb_border_style_none\"><\/div><div  class=\"bt_bb_text\" style=\" max-width: 530px; margin: 0 auto;\"><p>Zu den wichtigsten Sehensw\u00fcrdigkeiten der Region geh\u00f6ren der arch\u00e4ologische Park Baratti-Populonia und das Museum Gasparri Untrennbar mit der Region verbunden, stellen diese St\u00e4tten sichtbare Zeugnisse der beiden gro\u00dfen Zivilisationen dar, die im Mittelpunkt der Geschichte standen: die Etrusker und die R\u00f6mer.<\/p>\n<p>Der von der Bucht umgebene und inmitten der Mittelmeer-Macchia gelegene K\u00fcstenpark umfasst drei verschiedene Bereiche: den unteren Bereich, auf H\u00f6he des Meeres, wo sich die Nekropole von San Cerbone mit einer Reihe von Gr\u00e4bern, den f\u00fcrstlichen H\u00fcgelgr\u00e4ber (Tomba dei Carri), den \u00c4dikula-Gr\u00e4ber (Tomba del Bronzettodi Offerente) sowie einzelnen Steinkisten- und Sarkophag-Gr\u00e4bern befindet; einen mittleren Teil mit der Grotten-Nekropole und den Calcarenitgruben sowie den entsprechenden Industrievierteln und St\u00e4dten zur Verarbeitung des aus den Vorkommen der Insel Elba stammenden Materials; und schlie\u00dflich ein unteren Teil, in dem sich die Akropolis von Populonia mit ihren Tempeln, Geb\u00e4uden, Mosaiken und Stra\u00dfen aus der R\u00f6merzeit erhebt.<\/p>\n<p>Beide Sehensw\u00fcrdigkeiten sind ein ideales Ziel f\u00fcr eine Reise unter dem Vorzeichen der Kultur, der Geschichte und der Natur.<\/p>\n<\/div><div class=\"bt_bb_separator bt_bb_bottom_spacing_normal bt_bb_border_style_none\"><\/div><div class=\"bt_bb_separator bt_bb_bottom_spacing_normal bt_bb_border_style_none\"><\/div><\/div><\/div><\/div><div  class=\"bt_bb_column col-xl-5 col-xs-12 col-sm-12 col-md-12 col-lg-6 bt_bb_align_left bt_bb_vertical_align_middle bt_bb_padding_normal bt_bb_animation_fade_in animate\"  data-width=\"5\" data-bt-override-class=\"{&quot;bt_bb_align_&quot;:{&quot;current_class&quot;:&quot;bt_bb_align_left&quot;,&quot;xl&quot;:&quot;left&quot;,&quot;md&quot;:&quot;center&quot;,&quot;sm&quot;:&quot;center&quot;,&quot;xs&quot;:&quot;center&quot;}}\"><div class=\"bt_bb_column_content\"><div class=\"bt_bb_column_content_inner\"><div class=\"bt_bb_image bt_bb_shape_square bt_bb_align_inherit bt_bb_hover_style_simple bt_bb_content_display_always bt_bb_content_align_middle\" data-bt-override-class=\"{}\"><span><img width=\"1200\" height=\"1100\" src=\"https:\/\/www.vacanzebaratti.it\/wp-content\/uploads\/2022\/01\/parco-archeologico-baratti.jpg\" class=\"attachment-full size-full\" alt=\"https:\/\/www.vacanzebaratti.it\/wp-content\/uploads\/2022\/01\/parco-archeologico-baratti.jpg\" data-full_image_src=\"https:\/\/www.vacanzebaratti.it\/wp-content\/uploads\/2022\/01\/parco-archeologico-baratti.jpg\" title=\"parco-archeologico-baratti\" srcset=\"https:\/\/www.vacanzebaratti.it\/wp-content\/uploads\/2022\/01\/parco-archeologico-baratti.jpg 1200w, https:\/\/www.vacanzebaratti.it\/wp-content\/uploads\/2022\/01\/parco-archeologico-baratti-640x587.jpg 640w, https:\/\/www.vacanzebaratti.it\/wp-content\/uploads\/2022\/01\/parco-archeologico-baratti-768x704.jpg 768w, https:\/\/www.vacanzebaratti.it\/wp-content\/uploads\/2022\/01\/parco-archeologico-baratti-320x293.jpg 320w\" sizes=\"(max-width: 1200px) 100vw, 1200px\" \/><\/span><\/div><\/div><\/div><\/div><\/div><\/div><\/div><\/div><\/div><\/section><section id=\"bt_bb_section6a9a7a33045cd\"  class=\"bt_bb_section bt_bb_layout_wide bt_bb_vertical_align_top\" ><div class=\"bt_bb_port\"><div class=\"bt_bb_cell\"><div class=\"bt_bb_cell_inner\"><div class=\"bt_bb_row_wrapper\"><div  class=\"bt_bb_row bt_bb_column_gap_0\" ><div  class=\"bt_bb_column col-xl-5 col-xs-12 col-sm-12 col-md-12 col-lg-6 bt_bb_align_left bt_bb_vertical_align_middle bt_bb_order_md_2 bt_bb_order_sm_2 bt_bb_order_xs_2 bt_bb_padding_normal bt_bb_animation_fade_in animate\"  data-width=\"5\" data-bt-override-class=\"{&quot;bt_bb_align_&quot;:{&quot;current_class&quot;:&quot;bt_bb_align_left&quot;,&quot;xl&quot;:&quot;left&quot;,&quot;md&quot;:&quot;center&quot;,&quot;sm&quot;:&quot;center&quot;,&quot;xs&quot;:&quot;center&quot;}}\"><div class=\"bt_bb_column_content\"><div class=\"bt_bb_column_content_inner\"><div class=\"bt_bb_image bt_bb_shape_square bt_bb_align_inherit bt_bb_hover_style_simple bt_bb_content_display_always bt_bb_content_align_middle\" data-bt-override-class=\"{&quot;bt_bb_align_&quot;:{&quot;current_class&quot;:&quot;bt_bb_align_inherit&quot;,&quot;xl&quot;:&quot;inherit&quot;}}\"><span><img width=\"793\" height=\"915\" src=\"https:\/\/www.vacanzebaratti.it\/wp-content\/uploads\/2022\/01\/san-silvestro.jpg\" class=\"attachment-full size-full\" alt=\"https:\/\/www.vacanzebaratti.it\/wp-content\/uploads\/2022\/01\/san-silvestro.jpg\" data-full_image_src=\"https:\/\/www.vacanzebaratti.it\/wp-content\/uploads\/2022\/01\/san-silvestro.jpg\" title=\"san-silvestro\" srcset=\"https:\/\/www.vacanzebaratti.it\/wp-content\/uploads\/2022\/01\/san-silvestro.jpg 793w, https:\/\/www.vacanzebaratti.it\/wp-content\/uploads\/2022\/01\/san-silvestro-640x738.jpg 640w, https:\/\/www.vacanzebaratti.it\/wp-content\/uploads\/2022\/01\/san-silvestro-768x886.jpg 768w, https:\/\/www.vacanzebaratti.it\/wp-content\/uploads\/2022\/01\/san-silvestro-320x369.jpg 320w\" sizes=\"(max-width: 793px) 100vw, 793px\" \/><\/span><\/div><\/div><\/div><\/div><div  class=\"bt_bb_column col-xl-7 col-xs-12 col-sm-12 col-md-12 col-lg-6 bt_bb_color_scheme_6 bt_bb_align_center bt_bb_vertical_align_middle bt_bb_order_md_1 bt_bb_order_sm_1 bt_bb_order_xs_1 btLazyLoadBackground bt_bb_column_background_image bt_bb_padding_20 bt_bb_animation_fade_in animate\" style=\"background-image:url(&#039;https:\/\/www.vacanzebaratti.it\/wp-content\/plugins\/bold-page-builder\/img\/blank.gif&#039;);\" data-background_image_src='https:\/\/www.vacanzebaratti.it\/wp-content\/uploads\/2020\/12\/featured_background.jpg' data-width=\"7\" data-bt-override-class=\"{&quot;bt_bb_align_&quot;:{&quot;current_class&quot;:&quot;bt_bb_align_center&quot;,&quot;xl&quot;:&quot;center&quot;}}\"><div class=\"bt_bb_column_content\"><div class=\"bt_bb_column_content_inner\"><div class=\"bt_bb_separator bt_bb_bottom_spacing_medium bt_bb_border_style_none\"><\/div><header class=\"bt_bb_headline bt_bb_dash_none bt_bb_size_normal bt_bb_superheadline bt_bb_align_inherit\" data-bt-override-class=\"{}\"><h3 class=\"bt_bb_headline_tag\"><span class=\"bt_bb_headline_superheadline\">Arch\u00e4ologischer Bergbauparks<\/span><span class=\"bt_bb_headline_content\"><span>San Silvestro<\/span><\/span><\/h3><\/header><div class=\"bt_bb_separator bt_bb_bottom_spacing_normal bt_bb_border_style_none\"><\/div><div  class=\"bt_bb_text\" style=\" max-width: 530px; margin: 0 auto;\"><p>Eine obligatorische Etappe f\u00fcr Arch\u00e4ologiefreunde ist der <strong>arch\u00e4ologische<\/strong>Bergbaupark San Silvestro, der sich \u00fcber eine Fl\u00e4che von circa 450 Hektar erstreckt. Er liegt in unmittelbarer N\u00e4he der mittelalterlichen Ortschaft CampigliaMarittima und stellt eine hervorragendes Alternativziel zu einem Badeurlaub dar. An diesem Ort kann man au\u00dferdem verstehen, welche wirtschaftlichen T\u00e4tigkeiten das Gebiet des Val di Cornia und die Toskana generell gepr\u00e4gt haben.<\/p>\n<p>Die Tour gliedert sich in mehrere Abschnitte: zuerst besichtigt man das Museum f\u00fcr Arch\u00e4ologie und Mineralien in der N\u00e4he des Eingangs; die zweite Etappe f\u00fchrt mitten in die Temperino-Mine; dort erf\u00e4hrt man mehr \u00fcber die verschiedenen Techniken zum Abbau und zur Suche von Kupfer, Blei, Silber und Zink im Val di Cornia; der dritte Abschnitt umfasst das Gebiet des Pozzo Earle, wo anhand der Bergbaumaschinen und des Museums der Bergarbeiter die letzten Jahre der Bergbaugeschichte dargestellt werden. Der Eingang in den <strong>Lanzi-Temperino<\/strong>-Stollen befindet sich vor der ehemaligen Mensa der Bergarbeiter: Die Besucher fahren mit einem typischen kleinen Zug in den Stollen und legen die<\/p>\n<p>die gleiche Strecke zur\u00fcck wie einst die Arbeiter, um zu den Orten desTemperino-Tals zu gelangen, an denen das Material abgebaut wurde, und zu den Aufbereitungsanlagen im Lanzi-Tal.<\/p>\n<p>Auf dem Hintergrund dieses Tals sind die \u00dcberreste des mittelalterlichen Schlosses der \u201eRocca di San Silvestro\u201c zu sehen, das im Mittelalter die Bergbaut\u00e4ler \u00fcberragte und heute das Herz des Parks darstellt.<\/p>\n<\/div><div class=\"bt_bb_separator bt_bb_bottom_spacing_normal bt_bb_border_style_none\"><\/div><div class=\"bt_bb_separator bt_bb_bottom_spacing_normal bt_bb_border_style_none\"><\/div><div class=\"bt_bb_separator bt_bb_bottom_spacing_medium bt_bb_border_style_none\"><\/div><\/div><\/div><\/div><\/div><\/div><\/div><\/div><\/div><\/section><section id=\"bt_bb_section6a9a7a33051c7\"  class=\"bt_bb_section bt_bb_layout_boxed_1200\" ><div class=\"bt_bb_port\"><div class=\"bt_bb_cell\"><div class=\"bt_bb_cell_inner\"><div class=\"bt_bb_row_wrapper\"><div  class=\"bt_bb_row\" ><div  class=\"bt_bb_column col-xl-12 bt_bb_align_center bt_bb_vertical_align_top bt_bb_padding_normal bt_bb_animation_fade_in animate\"  data-width=\"12\" data-bt-override-class=\"{}\"><div class=\"bt_bb_column_content\"><div class=\"bt_bb_column_content_inner\"><div class=\"bt_bb_separator bt_bb_bottom_spacing_medium bt_bb_border_style_none\"><\/div><header class=\"bt_bb_headline bt_bb_dash_none btNoHeadline bt_bb_size_large bt_bb_superheadline bt_bb_align_inherit\" style=\";font-family:&#039;Auto Signature&#039;\" data-bt-override-class=\"{}\"><h2 style=\"font-family:'Auto Signature'\" class=\"bt_bb_headline_tag\"><span class=\"bt_bb_headline_superheadline\">Entdecken Sie auch die Str\u00e4nde<\/span><\/h2><\/header><div class=\"bt_bb_separator bt_bb_bottom_spacing_medium bt_bb_border_style_none\"><\/div><\/div><\/div><\/div><\/div><\/div><div class=\"bt_bb_row_wrapper\"><div  class=\"bt_bb_row\" ><div  class=\"bt_bb_column col-xl-12 bt_bb_align_left bt_bb_vertical_align_top bt_bb_padding_normal\"  data-width=\"12\" data-bt-override-class=\"{}\"><div class=\"bt_bb_column_content\"><div class=\"bt_bb_column_content_inner\"><div class=\"bt_bb_content_slider bt_bb_gap_no_gap bt_bb_arrows_size_normal bt_bb_show_dots_below bt_bb_height_keep-height bt_bb_animation_fade bt_bb_animation_fade animate\"><div class=\"slick-slider fade\"  data-slick='{ \"lazyLoad\": \"progressive\", \"cssEase\": \"ease-out\", \"speed\": \"600\", \"accessibility\": false, \"fade\": true, \"prevArrow\": \"&lt;button type=\\\"button\\\" class=\\\"slick-prev\\\" aria-label=\\\"Previous\\\" tabindex=\\\"0\\\" role=\\\"button\\\"&gt;&lt;\/button&gt;\", \"nextArrow\": \"&lt;button type=\\\"button\\\" class=\\\"slick-next\\\" aria-label=\\\"Next\\\" tabindex=\\\"0\\\" role=\\\"button\\\"&gt;&lt;\/button&gt;\", \"dots\": true,\"autoplay\": true, \"autoplaySpeed\": 3000}' ><div class=\"bt_bb_content_slider_item\" style=\"\"><div class=\"bt_bb_content_slider_item_content content\"><div  class=\"bt_bb_row_inner\" ><div  class=\"bt_bb_column_inner col-xl-6 bt_bb_align_left bt_bb_vertical_align_top\"  data-width=\"6\" data-bt-override-class=\"{}\"><div class=\"bt_bb_column_inner_content\"><div class=\"bt_bb_image bt_bb_shape_square bt_bb_align_inherit bt_bb_hover_style_simple bt_bb_content_display_always bt_bb_content_align_middle\" style=\"margin-right: -15em;\" data-bt-override-class=\"{}\"><span><img width=\"820\" height=\"456\" src=\"https:\/\/www.vacanzebaratti.it\/wp-content\/uploads\/2022\/01\/buca-dell-fate-cala.jpg\" class=\"attachment-full size-full\" alt=\"https:\/\/www.vacanzebaratti.it\/wp-content\/uploads\/2022\/01\/buca-dell-fate-cala.jpg\" data-full_image_src=\"https:\/\/www.vacanzebaratti.it\/wp-content\/uploads\/2022\/01\/buca-dell-fate-cala.jpg\" title=\"buca-dell-fate-cala\" srcset=\"https:\/\/www.vacanzebaratti.it\/wp-content\/uploads\/2022\/01\/buca-dell-fate-cala.jpg 820w, https:\/\/www.vacanzebaratti.it\/wp-content\/uploads\/2022\/01\/buca-dell-fate-cala-640x356.jpg 640w, https:\/\/www.vacanzebaratti.it\/wp-content\/uploads\/2022\/01\/buca-dell-fate-cala-768x427.jpg 768w, https:\/\/www.vacanzebaratti.it\/wp-content\/uploads\/2022\/01\/buca-dell-fate-cala-320x178.jpg 320w\" sizes=\"(max-width: 820px) 100vw, 820px\" \/><\/span><\/div><div class=\"bt_bb_separator bt_bb_bottom_spacing_medium bt_bb_border_style_none bt_bb_hidden_md bt_bb_hidden_lg\"><\/div><\/div><\/div><div  class=\"bt_bb_column_inner col-xl-6 bt_bb_align_center bt_bb_vertical_align_middle bt_bb_padding_0\"  data-width=\"6\" data-bt-override-class=\"{}\"><div class=\"bt_bb_column_inner_content\" style=\"background-color:rgba(248, 247, 244, 1);\" ><div class=\"bt_bb_separator bt_bb_bottom_spacing_normal bt_bb_border_style_none\"><\/div><div class=\"bt_bb_icon bt_bb_style_borderless bt_bb_size_xlarge bt_bb_shape_circle bt_bb_align_inherit\" data-bt-override-class=\"{&quot;bt_bb_size_&quot;:{&quot;current_class&quot;:&quot;bt_bb_size_xlarge&quot;,&quot;xl&quot;:&quot;xlarge&quot;},&quot;bt_bb_align_&quot;:{&quot;current_class&quot;:&quot;bt_bb_align_inherit&quot;,&quot;xl&quot;:&quot;inherit&quot;}}\"><span  data-ico-drawings=\"&#xe91d;\" class=\"bt_bb_icon_holder\"><\/span><\/div><header class=\"bt_bb_headline bt_bb_dash_none bt_bb_subtitle_style_italic bt_bb_size_medium bt_bb_align_inherit\" data-bt-override-class=\"{&quot;bt_bb_size_&quot;:{&quot;current_class&quot;:&quot;bt_bb_size_medium&quot;,&quot;xl&quot;:&quot;medium&quot;},&quot;bt_bb_align_&quot;:{&quot;current_class&quot;:&quot;bt_bb_align_inherit&quot;,&quot;xl&quot;:&quot;inherit&quot;}}\"><h4 class=\"bt_bb_headline_tag\"><span class=\"bt_bb_headline_content\"><span>Buca delle Fate<\/span><\/span><\/h4><\/header><div class=\"bt_bb_separator bt_bb_bottom_spacing_small bt_bb_border_style_none\"><\/div><div class=\"bt_bb_button bt_bb_icon_position_left bt_bb_color_scheme_3 bt_bb_style_line bt_bb_size_normal bt_bb_width_inline bt_bb_shape_round bt_bb_align_inherit btWithText\" data-bt-override-class=\"{&quot;bt_bb_size_&quot;:{&quot;current_class&quot;:&quot;bt_bb_size_normal&quot;,&quot;xl&quot;:&quot;normal&quot;},&quot;bt_bb_align_&quot;:{&quot;current_class&quot;:&quot;bt_bb_align_inherit&quot;,&quot;xl&quot;:&quot;inherit&quot;}}\"><a href=\"gallery\" target=\"_self\" class=\"bt_bb_link\" title=\"MEHR ERFAHREN\"><span class=\"bt_bb_button_text\" >MEHR ERFAHREN<\/span><\/a><\/div><div class=\"bt_bb_separator bt_bb_bottom_spacing_normal bt_bb_border_style_none\"><\/div><\/div><\/div><\/div><\/div><\/div><div class=\"bt_bb_content_slider_item\" style=\"\"><div class=\"bt_bb_content_slider_item_content content\"><div  class=\"bt_bb_row_inner\" ><div  class=\"bt_bb_column_inner col-xl-6 bt_bb_align_left bt_bb_vertical_align_top\"  data-width=\"6\" data-bt-override-class=\"{}\"><div class=\"bt_bb_column_inner_content\"><div class=\"bt_bb_image bt_bb_shape_square bt_bb_align_inherit bt_bb_hover_style_simple bt_bb_content_display_always bt_bb_content_align_middle\" style=\"margin-right: -15em;\" data-bt-override-class=\"{}\"><span><img width=\"820\" height=\"456\" src=\"https:\/\/www.vacanzebaratti.it\/wp-content\/uploads\/2022\/01\/la-costa-est.jpg\" class=\"attachment-full size-full\" alt=\"https:\/\/www.vacanzebaratti.it\/wp-content\/uploads\/2022\/01\/la-costa-est.jpg\" data-full_image_src=\"https:\/\/www.vacanzebaratti.it\/wp-content\/uploads\/2022\/01\/la-costa-est.jpg\" title=\"la-costa-est\" srcset=\"https:\/\/www.vacanzebaratti.it\/wp-content\/uploads\/2022\/01\/la-costa-est.jpg 820w, https:\/\/www.vacanzebaratti.it\/wp-content\/uploads\/2022\/01\/la-costa-est-640x356.jpg 640w, https:\/\/www.vacanzebaratti.it\/wp-content\/uploads\/2022\/01\/la-costa-est-768x427.jpg 768w, https:\/\/www.vacanzebaratti.it\/wp-content\/uploads\/2022\/01\/la-costa-est-320x178.jpg 320w\" sizes=\"(max-width: 820px) 100vw, 820px\" \/><\/span><\/div><div class=\"bt_bb_separator bt_bb_bottom_spacing_medium bt_bb_border_style_none bt_bb_hidden_md bt_bb_hidden_lg\"><\/div><\/div><\/div><div  class=\"bt_bb_column_inner col-xl-6 bt_bb_align_center bt_bb_vertical_align_middle bt_bb_padding_0\"  data-width=\"6\" data-bt-override-class=\"{}\"><div class=\"bt_bb_column_inner_content\" style=\"background-color:rgba(248, 247, 244, 1);\" ><div class=\"bt_bb_separator bt_bb_bottom_spacing_normal bt_bb_border_style_none\"><\/div><div class=\"bt_bb_icon bt_bb_style_borderless bt_bb_size_xlarge bt_bb_shape_circle bt_bb_align_inherit\" data-bt-override-class=\"{&quot;bt_bb_size_&quot;:{&quot;current_class&quot;:&quot;bt_bb_size_xlarge&quot;,&quot;xl&quot;:&quot;xlarge&quot;},&quot;bt_bb_align_&quot;:{&quot;current_class&quot;:&quot;bt_bb_align_inherit&quot;,&quot;xl&quot;:&quot;inherit&quot;}}\"><span  data-ico-drawings=\"&#xe91b;\" class=\"bt_bb_icon_holder\"><\/span><\/div><header class=\"bt_bb_headline bt_bb_dash_none bt_bb_subtitle_style_italic bt_bb_size_medium bt_bb_align_inherit\" data-bt-override-class=\"{&quot;bt_bb_size_&quot;:{&quot;current_class&quot;:&quot;bt_bb_size_medium&quot;,&quot;xl&quot;:&quot;medium&quot;},&quot;bt_bb_align_&quot;:{&quot;current_class&quot;:&quot;bt_bb_align_inherit&quot;,&quot;xl&quot;:&quot;inherit&quot;}}\"><h4 class=\"bt_bb_headline_tag\"><span class=\"bt_bb_headline_content\"><span>Die Str\u00e4nde der Ostk\u00fcste<\/span><\/span><\/h4><\/header><div class=\"bt_bb_separator bt_bb_bottom_spacing_small bt_bb_border_style_none\"><\/div><div class=\"bt_bb_button bt_bb_icon_position_left bt_bb_color_scheme_3 bt_bb_style_line bt_bb_size_normal bt_bb_width_inline bt_bb_shape_round bt_bb_align_inherit btWithText\" data-bt-override-class=\"{}\"><a href=\"https:\/\/www.vacanzebaratti.it\/le-spiagge\/?preview_id=3661&amp;preview_nonce=58230dd16e&amp;_thumbnail_id=-1&amp;preview=true\" target=\"_self\" class=\"bt_bb_link\" title=\"MEHR ERFAHREN\"><span class=\"bt_bb_button_text\" >MEHR ERFAHREN<\/span><\/a><\/div><div class=\"bt_bb_separator bt_bb_bottom_spacing_normal bt_bb_border_style_none\"><\/div><\/div><\/div><\/div><\/div><\/div><div class=\"bt_bb_content_slider_item\" style=\"\"><div class=\"bt_bb_content_slider_item_content content\"><div  class=\"bt_bb_row_inner\" ><div  class=\"bt_bb_column_inner col-xl-6 bt_bb_align_left bt_bb_vertical_align_top\"  data-width=\"6\" data-bt-override-class=\"{}\"><div class=\"bt_bb_column_inner_content\"><div class=\"bt_bb_image bt_bb_shape_square bt_bb_align_inherit bt_bb_hover_style_simple bt_bb_content_display_always bt_bb_content_align_middle\" style=\"margin-right: -15em;\" data-bt-override-class=\"{}\"><span><img width=\"820\" height=\"456\" src=\"https:\/\/www.vacanzebaratti.it\/wp-content\/uploads\/2022\/01\/la-spiaggia-di-rimigliano-1.jpg\" class=\"attachment-full size-full\" alt=\"https:\/\/www.vacanzebaratti.it\/wp-content\/uploads\/2022\/01\/la-spiaggia-di-rimigliano-1.jpg\" data-full_image_src=\"https:\/\/www.vacanzebaratti.it\/wp-content\/uploads\/2022\/01\/la-spiaggia-di-rimigliano-1.jpg\" title=\"la-spiaggia-di-rimigliano\" srcset=\"https:\/\/www.vacanzebaratti.it\/wp-content\/uploads\/2022\/01\/la-spiaggia-di-rimigliano-1.jpg 820w, https:\/\/www.vacanzebaratti.it\/wp-content\/uploads\/2022\/01\/la-spiaggia-di-rimigliano-1-640x356.jpg 640w, https:\/\/www.vacanzebaratti.it\/wp-content\/uploads\/2022\/01\/la-spiaggia-di-rimigliano-1-768x427.jpg 768w, https:\/\/www.vacanzebaratti.it\/wp-content\/uploads\/2022\/01\/la-spiaggia-di-rimigliano-1-320x178.jpg 320w\" sizes=\"(max-width: 820px) 100vw, 820px\" \/><\/span><\/div><div class=\"bt_bb_separator bt_bb_bottom_spacing_medium bt_bb_border_style_none bt_bb_hidden_md bt_bb_hidden_lg\"><\/div><div class=\"bt_bb_separator bt_bb_bottom_spacing_medium bt_bb_border_style_none bt_bb_hidden_md bt_bb_hidden_lg\"><\/div><\/div><\/div><div  class=\"bt_bb_column_inner col-xl-6 bt_bb_align_center bt_bb_vertical_align_middle bt_bb_padding_0\"  data-width=\"6\" data-bt-override-class=\"{}\"><div class=\"bt_bb_column_inner_content\" style=\"background-color:rgba(248, 247, 244, 1);\" ><div class=\"bt_bb_separator bt_bb_bottom_spacing_normal bt_bb_border_style_none\"><\/div><div class=\"bt_bb_icon bt_bb_style_borderless bt_bb_size_xlarge bt_bb_shape_circle bt_bb_align_inherit\" data-bt-override-class=\"{&quot;bt_bb_size_&quot;:{&quot;current_class&quot;:&quot;bt_bb_size_xlarge&quot;,&quot;xl&quot;:&quot;xlarge&quot;},&quot;bt_bb_align_&quot;:{&quot;current_class&quot;:&quot;bt_bb_align_inherit&quot;,&quot;xl&quot;:&quot;inherit&quot;}}\"><span  data-ico-drawings=\"&#xe91c;\" class=\"bt_bb_icon_holder\"><\/span><\/div><header class=\"bt_bb_headline bt_bb_dash_none bt_bb_subtitle_style_italic bt_bb_size_medium bt_bb_align_inherit\" data-bt-override-class=\"{&quot;bt_bb_size_&quot;:{&quot;current_class&quot;:&quot;bt_bb_size_medium&quot;,&quot;xl&quot;:&quot;medium&quot;},&quot;bt_bb_align_&quot;:{&quot;current_class&quot;:&quot;bt_bb_align_inherit&quot;,&quot;xl&quot;:&quot;inherit&quot;}}\"><h4 class=\"bt_bb_headline_tag\"><span class=\"bt_bb_headline_content\"><span>Rimigliano<\/span><\/span><\/h4><\/header><div class=\"bt_bb_separator bt_bb_bottom_spacing_small bt_bb_border_style_none\"><\/div><div class=\"bt_bb_button bt_bb_icon_position_left bt_bb_color_scheme_3 bt_bb_style_line bt_bb_size_normal bt_bb_width_inline bt_bb_shape_round bt_bb_align_inherit btWithText\" data-bt-override-class=\"{&quot;bt_bb_size_&quot;:{&quot;current_class&quot;:&quot;bt_bb_size_normal&quot;,&quot;xl&quot;:&quot;normal&quot;},&quot;bt_bb_align_&quot;:{&quot;current_class&quot;:&quot;bt_bb_align_inherit&quot;,&quot;xl&quot;:&quot;inherit&quot;}}\"><a href=\"https:\/\/www.vacanzebaratti.it\/de\/strandurlaub-toskana\/\" target=\"_self\" class=\"bt_bb_link\" title=\"MEHR ERFAHREN\"><span class=\"bt_bb_button_text\" >MEHR ERFAHREN<\/span><\/a><\/div><div class=\"bt_bb_separator bt_bb_bottom_spacing_normal bt_bb_border_style_none\"><\/div><\/div><\/div><\/div><\/div><\/div><\/div><\/div><div class=\"bt_bb_separator bt_bb_bottom_spacing_medium bt_bb_border_style_none\"><\/div><\/div><\/div><\/div><\/div><\/div><\/div><\/div><\/div><\/section><section id=\"bt_bb_section6a9a7a3307039\"  class=\"bt_bb_section bt_bb_top_spacing_medium bt_bb_bottom_spacing_normal bt_bb_layout_boxed_800 bt_bb_vertical_align_top\" ><div class=\"bt_bb_port\"><div class=\"bt_bb_cell\"><div class=\"bt_bb_cell_inner\"><div class=\"bt_bb_row_wrapper\"><div  class=\"bt_bb_row\" ><div  class=\"bt_bb_column col-xl-12 col-xs-12 col-sm-12 col-md-12 col-lg-12 bt_bb_align_left bt_bb_vertical_align_bottom bt_bb_padding_normal bt_bb_animation_fade_in animate\"  data-width=\"12\" data-bt-override-class=\"{&quot;bt_bb_align_&quot;:{&quot;current_class&quot;:&quot;bt_bb_align_left&quot;,&quot;xl&quot;:&quot;left&quot;}}\"><div class=\"bt_bb_column_content\"><div class=\"bt_bb_column_content_inner\"><header class=\"bt_bb_headline bt_bb_dash_none bt_bb_subtitle_style_regular bt_bb_size_normal bt_bb_align_inherit\" data-bt-override-class=\"{&quot;bt_bb_size_&quot;:{&quot;current_class&quot;:&quot;bt_bb_size_normal&quot;,&quot;xl&quot;:&quot;normal&quot;},&quot;bt_bb_align_&quot;:{&quot;current_class&quot;:&quot;bt_bb_align_inherit&quot;,&quot;xl&quot;:&quot;inherit&quot;}}\"><h3 class=\"bt_bb_headline_tag\"><span class=\"bt_bb_headline_content\"><span>Sie m\u00f6chten buchen? Kontaktieren Sie uns jetzt.<\/span><\/span><\/h3><\/header><div class=\"bt_bb_separator bt_bb_top_spacing_medium bt_bb_border_style_none\"><\/div><div class=\"bt_bb_contact_form_7\"><div role=\"form\" class=\"wpcf7\" id=\"wpcf7-f7616-o1\" lang=\"en-US\" dir=\"ltr\">\n<div class=\"screen-reader-response\"><p role=\"status\" aria-live=\"polite\" aria-atomic=\"true\"><\/p> <ul><\/ul><\/div>\n<form action=\"\/de\/wp-json\/wp\/v2\/pages\/3941#wpcf7-f7616-o1\" method=\"post\" class=\"wpcf7-form init\" novalidate=\"novalidate\" data-status=\"init\">\n<div style=\"display: none;\">\n<input type=\"hidden\" name=\"_wpcf7\" value=\"7616\" \/>\n<input type=\"hidden\" name=\"_wpcf7_version\" value=\"5.5.3\" \/>\n<input type=\"hidden\" name=\"_wpcf7_locale\" value=\"en_US\" \/>\n<input type=\"hidden\" name=\"_wpcf7_unit_tag\" value=\"wpcf7-f7616-o1\" \/>\n<input type=\"hidden\" name=\"_wpcf7_container_post\" value=\"0\" \/>\n<input type=\"hidden\" name=\"_wpcf7_posted_data_hash\" value=\"\" \/>\n<\/div>\n<div class=\"tm-commonform tm-contactform-01\">\n<div class=\"bt_bb_row bt_bb_column_gap_0\">\n<div class=\"bt_bb_column col-xl-6 col-lg-6 col-md-6 col-sm-12 col-xs-12\">\n      <span class=\"wpcf7-form-control-wrap your-name\"><input type=\"text\" name=\"your-name\" value=\"\" size=\"40\" class=\"wpcf7-form-control wpcf7-text wpcf7-validates-as-required\" autocomplete=\"name\" aria-required=\"true\" aria-invalid=\"false\" placeholder=\"Vorname und Nachname\" \/><\/span>\n    <\/div>\n<div class=\"bt_bb_column col-xl-6 col-lg-6 col-md-6 col-sm-12 col-xs-12\">\n      <span class=\"wpcf7-form-control-wrap your-email\"><input type=\"email\" name=\"your-email\" value=\"\" size=\"40\" class=\"wpcf7-form-control wpcf7-text wpcf7-email wpcf7-validates-as-required wpcf7-validates-as-email\" autocomplete=\"email\" aria-required=\"true\" aria-invalid=\"false\" placeholder=\"E-mail\" \/><\/span>\n    <\/div>\n<\/div>\n<div class=\"bt_bb_row bt_bb_column_gap_0\">\n<div class=\"bt_bb_column col-xl-6 col-lg-6 col-md-6 col-sm-12 col-xs-12\">\n      <span class=\"wpcf7-form-control-wrap checkin\"><input type=\"date\" name=\"checkin\" value=\"\" class=\"wpcf7-form-control wpcf7-date wpcf7-validates-as-required wpcf7-validates-as-date\" aria-required=\"true\" aria-invalid=\"false\" placeholder=\"Ankunftsdatum\" \/><\/span>\n    <\/div>\n<div class=\"bt_bb_column col-xl-6 col-lg-6 col-md-6 col-sm-12 col-xs-12\">\n      <span class=\"wpcf7-form-control-wrap checkout\"><input type=\"date\" name=\"checkout\" value=\"\" class=\"wpcf7-form-control wpcf7-date wpcf7-validates-as-required wpcf7-validates-as-date\" aria-required=\"true\" aria-invalid=\"false\" placeholder=\"Abreisedatum\" \/><\/span>\n    <\/div>\n<\/div>\n<div class=\"bt_bb_row bt_bb_column_gap_0\">\n<div class=\"bt_bb_column col-xl-6 col-lg-6 col-md-6 col-sm-12 col-xs-12\">\n      <span class=\"wpcf7-form-control-wrap adults\"><input type=\"number\" name=\"adults\" value=\"\" class=\"wpcf7-form-control wpcf7-number wpcf7-validates-as-required wpcf7-validates-as-number\" min=\"1\" aria-required=\"true\" aria-invalid=\"false\" placeholder=\"Anzahl Erwachsene\" \/><\/span>\n    <\/div>\n<div class=\"bt_bb_column col-xl-6 col-lg-6 col-md-6 col-sm-12 col-xs-12\">\n      <span class=\"wpcf7-form-control-wrap children\"><input type=\"number\" name=\"children\" value=\"\" class=\"wpcf7-form-control wpcf7-number wpcf7-validates-as-number\" min=\"0\" aria-invalid=\"false\" placeholder=\"Anzahl der Kinder\" \/><\/span>\n    <\/div>\n<\/div>\n<p>  <!-- Messaggio largo ma non gigantesco --><\/p>\n<div class=\"bt_bb_row bt_bb_column_gap_0\">\n<div class=\"bt_bb_column col-xl-12 col-lg-12 col-md-12 col-sm-12 col-xs-12\">\n      <span class=\"wpcf7-form-control-wrap your-message\"><textarea name=\"your-message\" cols=\"40\" rows=\"4\" class=\"wpcf7-form-control wpcf7-textarea\" aria-invalid=\"false\" placeholder=\"Sonderw\u00fcnsche oder zus\u00e4tzliche Informationen...\"><\/textarea><\/span>\n    <\/div>\n<\/div>\n<p><br><\/p>\n<div class=\"privacy-acceptance\">\n  <span class=\"wpcf7-form-control-wrap accettazione\"><span class=\"wpcf7-form-control wpcf7-acceptance\"><span class=\"wpcf7-list-item\"><label><input type=\"checkbox\" name=\"accettazione\" value=\"1\" aria-invalid=\"false\" \/><span class=\"wpcf7-list-item-label\">Ich erkl\u00e4re, dass ich die Datenschutzbestimmungen gelesen habe und der Verarbeitung meiner personenbezogenen Daten zu den angegebenen Zwecken zustimme.<\/span><\/label><\/span><\/span><\/span>\n  <\/div>\n<p><br><\/p>\n<div class=\"tm-contact-btn tm-btn-color-darkgrey tm-btn-style-outline tm-btn-shape-square elementor-widget elementor-widget-button\">\n    <input type=\"submit\" value=\"Fordern Sie ein Angebot an\" class=\"wpcf7-form-control has-spinner wpcf7-submit elementor-button-link elementor-button elementor-size-md\" \/>\n  <\/div>\n<div class=\"wpcf7-response-output\" aria-hidden=\"true\"><\/div>\n<\/div>\n<\/form><\/div><\/div><\/div><\/div><\/div><\/div><\/div><\/div><\/div><\/div><\/section><\/div>","protected":false},"excerpt":{"rendered":"","protected":false},"author":1,"featured_media":0,"parent":0,"menu_order":0,"comment_status":"closed","ping_status":"closed","template":"","meta":[],"yoast_head":"<!-- This site is optimized with the Yoast SEO plugin v18.0 - https:\/\/yoast.com\/wordpress\/plugins\/seo\/ -->\n<title>Parks - Agriturismo San Giuseppe<\/title>\n<meta name=\"robots\" content=\"index, follow, max-snippet:-1, max-image-preview:large, max-video-preview:-1\" \/>\n<link rel=\"canonical\" href=\"https:\/\/www.vacanzebaratti.it\/de\/parks\/\" \/>\n<meta property=\"og:locale\" content=\"de_DE\" \/>\n<meta property=\"og:type\" content=\"article\" \/>\n<meta property=\"og:title\" content=\"Parks - Agriturismo San Giuseppe\" \/>\n<meta property=\"og:url\" content=\"https:\/\/www.vacanzebaratti.it\/de\/parks\/\" \/>\n<meta property=\"og:site_name\" content=\"Agriturismo San Giuseppe\" \/>\n<meta property=\"article:modified_time\" content=\"2026-02-20T14:09:51+00:00\" \/>\n<meta name=\"twitter:card\" content=\"summary_large_image\" \/>\n<meta name=\"twitter:label1\" content=\"Gesch\u00e4tzte Lesezeit\" \/>\n\t<meta name=\"twitter:data1\" content=\"19\u00a0Minuten\" \/>\n<script type=\"application\/ld+json\" class=\"yoast-schema-graph\">{\"@context\":\"https:\/\/schema.org\",\"@graph\":[{\"@type\":\"Organization\",\"@id\":\"https:\/\/www.vacanzebaratti.it\/#organization\",\"name\":\"Podere San Giuseppe\",\"url\":\"https:\/\/www.vacanzebaratti.it\/\",\"sameAs\":[],\"logo\":{\"@type\":\"ImageObject\",\"@id\":\"https:\/\/www.vacanzebaratti.it\/#logo\",\"inLanguage\":\"de\",\"url\":\"https:\/\/www.vacanzebaratti.it\/wp-content\/uploads\/2022\/05\/sangiuseppe-favicon.png\",\"contentUrl\":\"https:\/\/www.vacanzebaratti.it\/wp-content\/uploads\/2022\/05\/sangiuseppe-favicon.png\",\"width\":512,\"height\":512,\"caption\":\"Podere San Giuseppe\"},\"image\":{\"@id\":\"https:\/\/www.vacanzebaratti.it\/#logo\"}},{\"@type\":\"WebSite\",\"@id\":\"https:\/\/www.vacanzebaratti.it\/#website\",\"url\":\"https:\/\/www.vacanzebaratti.it\/\",\"name\":\"Agriturismo San Giuseppe\",\"description\":\"Agriturismo a Baratti\",\"publisher\":{\"@id\":\"https:\/\/www.vacanzebaratti.it\/#organization\"},\"potentialAction\":[{\"@type\":\"SearchAction\",\"target\":{\"@type\":\"EntryPoint\",\"urlTemplate\":\"https:\/\/www.vacanzebaratti.it\/?s={search_term_string}\"},\"query-input\":\"required name=search_term_string\"}],\"inLanguage\":\"de\"},{\"@type\":\"WebPage\",\"@id\":\"https:\/\/www.vacanzebaratti.it\/de\/parks\/#webpage\",\"url\":\"https:\/\/www.vacanzebaratti.it\/de\/parks\/\",\"name\":\"Parks - Agriturismo San Giuseppe\",\"isPartOf\":{\"@id\":\"https:\/\/www.vacanzebaratti.it\/#website\"},\"datePublished\":\"2022-01-25T09:57:24+00:00\",\"dateModified\":\"2026-02-20T14:09:51+00:00\",\"breadcrumb\":{\"@id\":\"https:\/\/www.vacanzebaratti.it\/de\/parks\/#breadcrumb\"},\"inLanguage\":\"de\",\"potentialAction\":[{\"@type\":\"ReadAction\",\"target\":[\"https:\/\/www.vacanzebaratti.it\/de\/parks\/\"]}]},{\"@type\":\"BreadcrumbList\",\"@id\":\"https:\/\/www.vacanzebaratti.it\/de\/parks\/#breadcrumb\",\"itemListElement\":[{\"@type\":\"ListItem\",\"position\":1,\"name\":\"Home\",\"item\":\"https:\/\/www.vacanzebaratti.it\/de\/\"},{\"@type\":\"ListItem\",\"position\":2,\"name\":\"Parks\"}]}]}<\/script>\n<!-- \/ Yoast SEO plugin. -->","yoast_head_json":{"title":"Parks - Agriturismo San Giuseppe","robots":{"index":"index","follow":"follow","max-snippet":"max-snippet:-1","max-image-preview":"max-image-preview:large","max-video-preview":"max-video-preview:-1"},"canonical":"https:\/\/www.vacanzebaratti.it\/de\/parks\/","og_locale":"de_DE","og_type":"article","og_title":"Parks - Agriturismo San Giuseppe","og_url":"https:\/\/www.vacanzebaratti.it\/de\/parks\/","og_site_name":"Agriturismo San Giuseppe","article_modified_time":"2026-02-20T14:09:51+00:00","twitter_card":"summary_large_image","twitter_misc":{"Gesch\u00e4tzte Lesezeit":"19\u00a0Minuten"},"schema":{"@context":"https:\/\/schema.org","@graph":[{"@type":"Organization","@id":"https:\/\/www.vacanzebaratti.it\/#organization","name":"Podere San Giuseppe","url":"https:\/\/www.vacanzebaratti.it\/","sameAs":[],"logo":{"@type":"ImageObject","@id":"https:\/\/www.vacanzebaratti.it\/#logo","inLanguage":"de","url":"https:\/\/www.vacanzebaratti.it\/wp-content\/uploads\/2022\/05\/sangiuseppe-favicon.png","contentUrl":"https:\/\/www.vacanzebaratti.it\/wp-content\/uploads\/2022\/05\/sangiuseppe-favicon.png","width":512,"height":512,"caption":"Podere San Giuseppe"},"image":{"@id":"https:\/\/www.vacanzebaratti.it\/#logo"}},{"@type":"WebSite","@id":"https:\/\/www.vacanzebaratti.it\/#website","url":"https:\/\/www.vacanzebaratti.it\/","name":"Agriturismo San Giuseppe","description":"Agriturismo a Baratti","publisher":{"@id":"https:\/\/www.vacanzebaratti.it\/#organization"},"potentialAction":[{"@type":"SearchAction","target":{"@type":"EntryPoint","urlTemplate":"https:\/\/www.vacanzebaratti.it\/?s={search_term_string}"},"query-input":"required name=search_term_string"}],"inLanguage":"de"},{"@type":"WebPage","@id":"https:\/\/www.vacanzebaratti.it\/de\/parks\/#webpage","url":"https:\/\/www.vacanzebaratti.it\/de\/parks\/","name":"Parks - Agriturismo San Giuseppe","isPartOf":{"@id":"https:\/\/www.vacanzebaratti.it\/#website"},"datePublished":"2022-01-25T09:57:24+00:00","dateModified":"2026-02-20T14:09:51+00:00","breadcrumb":{"@id":"https:\/\/www.vacanzebaratti.it\/de\/parks\/#breadcrumb"},"inLanguage":"de","potentialAction":[{"@type":"ReadAction","target":["https:\/\/www.vacanzebaratti.it\/de\/parks\/"]}]},{"@type":"BreadcrumbList","@id":"https:\/\/www.vacanzebaratti.it\/de\/parks\/#breadcrumb","itemListElement":[{"@type":"ListItem","position":1,"name":"Home","item":"https:\/\/www.vacanzebaratti.it\/de\/"},{"@type":"ListItem","position":2,"name":"Parks"}]}]}},"_links":{"self":[{"href":"https:\/\/www.vacanzebaratti.it\/de\/wp-json\/wp\/v2\/pages\/3941"}],"collection":[{"href":"https:\/\/www.vacanzebaratti.it\/de\/wp-json\/wp\/v2\/pages"}],"about":[{"href":"https:\/\/www.vacanzebaratti.it\/de\/wp-json\/wp\/v2\/types\/page"}],"author":[{"embeddable":true,"href":"https:\/\/www.vacanzebaratti.it\/de\/wp-json\/wp\/v2\/users\/1"}],"replies":[{"embeddable":true,"href":"https:\/\/www.vacanzebaratti.it\/de\/wp-json\/wp\/v2\/comments?post=3941"}],"version-history":[{"count":16,"href":"https:\/\/www.vacanzebaratti.it\/de\/wp-json\/wp\/v2\/pages\/3941\/revisions"}],"predecessor-version":[{"id":7739,"href":"https:\/\/www.vacanzebaratti.it\/de\/wp-json\/wp\/v2\/pages\/3941\/revisions\/7739"}],"wp:attachment":[{"href":"https:\/\/www.vacanzebaratti.it\/de\/wp-json\/wp\/v2\/media?parent=3941"}],"curies":[{"name":"wp","href":"https:\/\/api.w.org\/{rel}","templated":true}]}}