{"id":3949,"date":"2022-01-25T10:05:13","date_gmt":"2022-01-25T10:05:13","guid":{"rendered":"https:\/\/www.vacanzebaratti.it\/straende\/"},"modified":"2026-02-20T14:10:37","modified_gmt":"2026-02-20T14:10:37","slug":"strandurlaub-toskana","status":"publish","type":"page","link":"https:\/\/www.vacanzebaratti.it\/de\/strandurlaub-toskana\/","title":{"rendered":"Str\u00e4nde"},"content":{"rendered":"<div class=\"bt_bb_wrapper\"><section id=\"bt_bb_section6a9a7a34a5681\"  class=\"bt_bb_section bt_bb_top_spacing_large bt_bb_bottom_spacing_large bt_bb_color_scheme_1 bt_bb_layout_boxed_1000 bt_bb_vertical_align_top bt_bb_background_image\" style=\"background-image:url(&#039;https:\/\/www.vacanzebaratti.it\/wp-content\/uploads\/2022\/01\/banner-lespiagge.png&#039;);\"><div class=\"bt_bb_port\"><div class=\"bt_bb_cell\"><div class=\"bt_bb_cell_inner\"><div class=\"bt_bb_row_wrapper\"><div  class=\"bt_bb_row\" ><div  class=\"bt_bb_column col-xl-12 bt_bb_align_center bt_bb_vertical_align_middle bt_bb_padding_normal bt_bb_animation_fade_in bt_bb_animation_move_up animate\"  data-width=\"12\" data-bt-override-class=\"{}\"><div class=\"bt_bb_column_content\"><div class=\"bt_bb_column_content_inner\"><div class=\"bt_bb_icon bt_bb_color_scheme_6 bt_bb_style_borderless bt_bb_size_xlarge bt_bb_shape_circle bt_bb_align_inherit\" data-bt-override-class=\"{}\"><span  data-ico-drawings=\"&#xe908;\" class=\"bt_bb_icon_holder\"><\/span><\/div><div class=\"bt_bb_separator bt_bb_bottom_spacing_small bt_bb_border_style_none\"><\/div><header class=\"bt_bb_headline bt_bb_dash_none bt_bb_size_large bt_bb_superheadline bt_bb_align_inherit\" data-bt-override-class=\"{&quot;bt_bb_size_&quot;:{&quot;current_class&quot;:&quot;bt_bb_size_large&quot;,&quot;xl&quot;:&quot;large&quot;},&quot;bt_bb_align_&quot;:{&quot;current_class&quot;:&quot;bt_bb_align_inherit&quot;,&quot;xl&quot;:&quot;inherit&quot;}}\"><h1 class=\"bt_bb_headline_tag\"><span class=\"bt_bb_headline_superheadline\">STRANDURLAUB TOSKANA<\/span><span class=\"bt_bb_headline_content\"><span>Str\u00e4nde<\/span><\/span><\/h1><\/header><div class=\"bt_bb_separator bt_bb_bottom_spacing_medium bt_bb_border_style_none bt_bb_hidden_xs bt_bb_hidden_ms bt_bb_hidden_sm\"><\/div><\/div><\/div><\/div><\/div><\/div><\/div><\/div><\/div><\/section><section id=\"bt_bb_section6a9a7a34a5a06\"  class=\"bt_bb_section bt_bb_top_spacing_large bt_bb_bottom_spacing_medium bt_bb_layout_boxed_1200 bt_bb_vertical_align_top\" ><div class=\"bt_bb_port\"><div class=\"bt_bb_cell\"><div class=\"bt_bb_cell_inner\"><div class=\"bt_bb_row_wrapper\"><div  class=\"bt_bb_row bt_bb_column_gap_medium\" ><div  class=\"bt_bb_column col-xl-4 bt_bb_align_center bt_bb_vertical_align_top bt_bb_padding_double bt_bb_animation_fade_in animate\"  data-width=\"4\" data-bt-override-class=\"{&quot;bt_bb_align_&quot;:{&quot;current_class&quot;:&quot;bt_bb_align_center&quot;,&quot;xl&quot;:&quot;center&quot;}}\"><div class=\"bt_bb_column_content\"><div class=\"bt_bb_column_content_inner\"><div class=\"bt_bb_service bt_bb_color_scheme_14 bt_bb_style_filled bt_bb_size_xlarge bt_bb_size_xlarge bt_bb_shape_circle bt_bb_align_inherit\" data-bt-override-class=\"{}\"><span  data-ico-drawings=\"&#xe91d;\" class=\"bt_bb_icon_holder\"><\/span><div class=\"bt_bb_service_content\"><div class=\"bt_bb_service_content_title\">Buca delle Fate - Cala San Quirico<\/div><div class=\"bt_bb_service_content_text\">Die kleinen Str\u00e4nde, die durch in das Meer hineinragende Felsen entstanden sind, k\u00f6nnen als eines der bemerkenswerten Naturwunder dieser Region betrachtet werden.<br \/>\r\n<br \/>\r\n<\/div><\/div><\/div><div class=\"bt_bb_separator bt_bb_bottom_spacing_normal bt_bb_border_style_none\"><\/div><div class=\"bt_bb_separator bt_bb_bottom_spacing_medium bt_bb_border_style_none\"><\/div><\/div><\/div><\/div><div  class=\"bt_bb_column col-xl-4 bt_bb_align_center bt_bb_vertical_align_middle bt_bb_padding_double bt_bb_animation_fade_in animate\"  data-width=\"4\" data-bt-override-class=\"{}\"><div class=\"bt_bb_column_content\"><div class=\"bt_bb_column_content_inner\"><div class=\"bt_bb_service bt_bb_color_scheme_14 bt_bb_style_filled bt_bb_size_xlarge bt_bb_size_xlarge bt_bb_shape_circle bt_bb_align_inherit\" data-bt-override-class=\"{}\"><span  data-ico-drawings=\"&#xe91b;\" class=\"bt_bb_icon_holder\"><\/span><div class=\"bt_bb_service_content\"><div class=\"bt_bb_service_content_title\">Die Str\u00e4nde der Ostk\u00fcste <\/div><div class=\"bt_bb_service_content_text\">Die Str\u00e4nde an der K\u00fcste des \u201eSterpaia\u201c-Parks sind das Aush\u00e4ngeschild des gesamten Val di Cornia und mit der blauen Flagge 2008 f\u00fcr ihre besondere Wasserqualit\u00e4t ausgezeichnet worden. <\/div><\/div><\/div><div class=\"bt_bb_separator bt_bb_bottom_spacing_normal bt_bb_border_style_none\"><\/div><div class=\"bt_bb_separator bt_bb_bottom_spacing_medium bt_bb_border_style_none\"><\/div><\/div><\/div><\/div><div  class=\"bt_bb_column col-xl-4 bt_bb_align_center bt_bb_vertical_align_top bt_bb_padding_double bt_bb_animation_fade_in animate\"  data-width=\"4\" data-bt-override-class=\"{&quot;bt_bb_align_&quot;:{&quot;current_class&quot;:&quot;bt_bb_align_center&quot;,&quot;xl&quot;:&quot;center&quot;}}\"><div class=\"bt_bb_column_content\"><div class=\"bt_bb_column_content_inner\"><div class=\"bt_bb_service bt_bb_color_scheme_14 bt_bb_style_filled bt_bb_size_xlarge bt_bb_size_xlarge bt_bb_shape_circle bt_bb_align_inherit\" data-bt-override-class=\"{}\"><span  data-ico-drawings=\"&#xe91c;\" class=\"bt_bb_icon_holder\"><\/span><div class=\"bt_bb_service_content\"><div class=\"bt_bb_service_content_title\">Strand von Rimigliano<\/div><div class=\"bt_bb_service_content_text\">Inmitten des K\u00fcstenparks von Rimigliano erstreckt sich \u00fcber circa 8 km der gleichnamige Strand.<br \/>\r\n<br \/>\r\n<\/div><\/div><\/div><div class=\"bt_bb_separator bt_bb_bottom_spacing_normal bt_bb_border_style_none\"><\/div><div class=\"bt_bb_separator bt_bb_bottom_spacing_medium bt_bb_border_style_none\"><\/div><\/div><\/div><\/div><\/div><\/div><\/div><\/div><\/div><\/section><section id=\"bt_bb_section6a9a7a34a603f\"  class=\"bt_bb_section bt_bb_color_scheme_17 bt_bb_layout_wide bt_bb_vertical_align_top\" style=\";background-color:#f8f7f4;\"><div class=\"bt_bb_port\"><div class=\"bt_bb_cell\"><div class=\"bt_bb_cell_inner\"><div class=\"bt_bb_row_wrapper\"><div  class=\"bt_bb_row\" ><div  class=\"bt_bb_column col-xl-4 bt_bb_align_center bt_bb_vertical_align_top bt_bb_padding_normal bt_bb_animation_fade_in bt_bb_animation_move_up animate\"  data-width=\"4\" data-bt-override-class=\"{}\"><div class=\"bt_bb_column_content\"><div class=\"bt_bb_column_content_inner\"><div class=\"bt_bb_image bt_bb_shape_square bt_bb_align_inherit bt_bb_hover_style_simple bt_bb_content_display_always bt_bb_content_align_middle\" data-bt-override-class=\"{}\"><span><img width=\"608\" height=\"762\" src=\"https:\/\/www.vacanzebaratti.it\/wp-content\/uploads\/2022\/01\/SCOGLI-BUCADELLEFATE.jpg\" class=\"attachment-full size-full\" alt=\"https:\/\/www.vacanzebaratti.it\/wp-content\/uploads\/2022\/01\/SCOGLI-BUCADELLEFATE.jpg\" data-full_image_src=\"https:\/\/www.vacanzebaratti.it\/wp-content\/uploads\/2022\/01\/SCOGLI-BUCADELLEFATE.jpg\" title=\"SCOGLI-BUCADELLEFATE\" srcset=\"https:\/\/www.vacanzebaratti.it\/wp-content\/uploads\/2022\/01\/SCOGLI-BUCADELLEFATE.jpg 608w, https:\/\/www.vacanzebaratti.it\/wp-content\/uploads\/2022\/01\/SCOGLI-BUCADELLEFATE-320x401.jpg 320w\" sizes=\"(max-width: 608px) 100vw, 608px\" \/><\/span><\/div><div class=\"bt_bb_separator bt_bb_bottom_spacing_medium bt_bb_border_style_none bt_bb_hidden_md bt_bb_hidden_lg\"><\/div><\/div><\/div><\/div><div  class=\"bt_bb_column col-xl-4 bt_bb_align_center bt_bb_vertical_align_middle bt_bb_padding_30 bt_bb_animation_fade_in animate\"  data-width=\"4\" data-bt-override-class=\"{&quot;bt_bb_align_&quot;:{&quot;current_class&quot;:&quot;bt_bb_align_center&quot;,&quot;xl&quot;:&quot;center&quot;}}\"><div class=\"bt_bb_column_content\"><div class=\"bt_bb_column_content_inner\"><div class=\"bt_bb_separator bt_bb_bottom_spacing_normal bt_bb_border_style_none bt_bb_hidden_xs bt_bb_hidden_ms bt_bb_hidden_sm\"><\/div><header class=\"bt_bb_headline bt_bb_dash_none bt_bb_subtitle_style_italic bt_bb_size_normal bt_bb_superheadline bt_bb_align_inherit\" data-bt-override-class=\"{}\"><h3 class=\"bt_bb_headline_tag\"><span class=\"bt_bb_headline_superheadline\">SAN QUIRICO UND<\/span><span class=\"bt_bb_headline_content\"><span>Buca delle Fate<\/span><\/span><\/h3><\/header><div class=\"bt_bb_separator bt_bb_bottom_spacing_normal bt_bb_border_style_none\"><\/div><div  class=\"bt_bb_text\" style=\"max-width: 600px; margin: 0 auto;\"><p>An der K\u00fcste des Vorgebirges, das Populonia mit Piombino verbindet, gegen\u00fcber der nahegelegenen <strong>Insel Elba<\/strong>, liegen die beiden versteckten Buchten \u201eBuca delle Fate\u201c und \u201eCala San Quirico\u201c.<\/p>\n<p>Die kleinen Str\u00e4nde, die durch in das Meer hineinragende Felsen entstanden sind, k\u00f6nnen als eines der bemerkenswerten Naturwunder dieser Region betrachtet werden.<\/p>\n<p>Zu diesen Buchten gelangt man nur zu Fu\u00df, nachdem man sein Fahrzeug am Piazzale del Reciso, in der N\u00e4he von Populonia abgestellt hat. Nach einem etwa 20-min\u00fctigen Spaziergang \u00fcber einen wundersch\u00f6nen Weg durch die Mittelmeer-Macchia erreicht man den Strand.<\/p>\n<\/div><div class=\"bt_bb_separator bt_bb_bottom_spacing_medium bt_bb_border_style_none\"><\/div><div class=\"bt_bb_separator bt_bb_bottom_spacing_normal bt_bb_border_style_none\"><\/div><div class=\"bt_bb_separator bt_bb_bottom_spacing_extra_small bt_bb_border_style_none\"><\/div><div class=\"bt_bb_separator bt_bb_bottom_spacing_small bt_bb_border_style_none\"><\/div><div class=\"bt_bb_button bt_bb_icon_position_left bt_bb_color_scheme_11 bt_bb_style_arrow bt_bb_size_large bt_bb_width_inline bt_bb_shape_inherit bt_bb_align_inherit\" data-bt-override-class=\"{}\"><a href=\"contact-location-couples\" target=\"_self\" class=\"bt_bb_link\" title=\"\"><\/a><\/div><\/div><\/div><\/div><div  class=\"bt_bb_column col-xl-4 bt_bb_align_center bt_bb_vertical_align_middle bt_bb_padding_normal bt_bb_animation_fade_in bt_bb_animation_move_up animate\"  data-width=\"4\" data-bt-override-class=\"{}\"><div class=\"bt_bb_column_content\"><div class=\"bt_bb_column_content_inner\"><div class=\"bt_bb_separator bt_bb_bottom_spacing_medium bt_bb_border_style_none\"><\/div><div class=\"bt_bb_image btRightMargin bt_bb_shape_square bt_bb_align_inherit bt_bb_hover_style_simple bt_bb_content_display_always bt_bb_content_align_middle\" data-bt-override-class=\"{}\"><span><img width=\"538\" height=\"532\" src=\"https:\/\/www.vacanzebaratti.it\/wp-content\/uploads\/2022\/01\/BUCA-DELLE-FATE-1.jpg\" class=\"attachment-full size-full\" alt=\"https:\/\/www.vacanzebaratti.it\/wp-content\/uploads\/2022\/01\/BUCA-DELLE-FATE-1.jpg\" data-full_image_src=\"https:\/\/www.vacanzebaratti.it\/wp-content\/uploads\/2022\/01\/BUCA-DELLE-FATE-1.jpg\" title=\"BUCA-DELLE-FATE\" srcset=\"https:\/\/www.vacanzebaratti.it\/wp-content\/uploads\/2022\/01\/BUCA-DELLE-FATE-1.jpg 538w, https:\/\/www.vacanzebaratti.it\/wp-content\/uploads\/2022\/01\/BUCA-DELLE-FATE-1-320x316.jpg 320w\" sizes=\"(max-width: 538px) 100vw, 538px\" \/><\/span><\/div><div class=\"bt_bb_separator bt_bb_bottom_spacing_medium bt_bb_border_style_none bt_bb_hidden_xs bt_bb_hidden_ms bt_bb_hidden_sm\"><\/div><\/div><\/div><\/div><\/div><\/div><div class=\"bt_bb_row_wrapper\"><div  class=\"bt_bb_row\" ><div  class=\"bt_bb_column col-xl-12 col-xs-12 col-sm-12 col-md-12 col-lg-12 bt_bb_align_left bt_bb_vertical_align_top bt_bb_padding_normal\"  data-width=\"12\" data-bt-override-class=\"{}\"><div class=\"bt_bb_column_content\"><div class=\"bt_bb_column_content_inner\"><div class=\"bt_bb_separator bt_bb_bottom_spacing_medium bt_bb_border_style_none\"><\/div><\/div><\/div><\/div><\/div><\/div><\/div><\/div><\/div><\/section><section id=\"bt_bb_section6a9a7a34a6fc8\"  class=\"bt_bb_section bt_bb_layout_wide bt_bb_vertical_align_top\" ><div class=\"bt_bb_port\"><div class=\"bt_bb_cell\"><div class=\"bt_bb_cell_inner\"><div class=\"bt_bb_row_wrapper\"><div  class=\"bt_bb_row bt_bb_column_gap_0\" ><div  class=\"bt_bb_column col-xl-7 col-xs-12 col-sm-12 col-md-12 col-lg-6 bt_bb_align_center bt_bb_vertical_align_middle bt_bb_padding_20 bt_bb_animation_fade_in animate\"  data-width=\"7\" data-bt-override-class=\"{}\"><div class=\"bt_bb_column_content\"><div class=\"bt_bb_column_content_inner\"><div class=\"bt_bb_separator bt_bb_bottom_spacing_medium bt_bb_border_style_none\"><\/div><div class=\"bt_bb_icon bt_bb_color_scheme_3 bt_bb_style_borderless bt_bb_size_xlarge bt_bb_shape_circle bt_bb_align_inherit\" data-bt-override-class=\"{}\"><span  data-ico-drawings=\"&#xe91b;\" class=\"bt_bb_icon_holder\"><\/span><\/div><div class=\"bt_bb_separator bt_bb_bottom_spacing_extra_small bt_bb_border_style_none\"><\/div><header class=\"bt_bb_headline bt_bb_dash_none bt_bb_size_normal bt_bb_align_inherit\" style=\" max-width: 530px; margin: 0 auto;\" data-bt-override-class=\"{}\"><h3 class=\"bt_bb_headline_tag\"><span class=\"bt_bb_headline_content\"><span>Die Str\u00e4nde der Ostk\u00fcste<\/span><\/span><\/h3><\/header><div class=\"bt_bb_separator bt_bb_bottom_spacing_normal bt_bb_border_style_none\"><\/div><div  class=\"bt_bb_text\" style=\" max-width: 530px; margin: 0 auto;\"><p style=\"text-align: left;\">Die Str\u00e4nde an der K\u00fcste des \u201eSterpaia\u201c-Parks sind das Aush\u00e4ngeschild des gesamten <strong>Val di Cornia<\/strong>und mit der blauen <strong>Flagge 2008<\/strong> f\u00fcr ihre besondere Wasserqualit\u00e4t ausgezeichnet worden.<\/p>\n<p style=\"text-align: left;\">Die 8 km lange K\u00fcste f\u00fchrt an der Bucht von Follonica entlang und verbindet die gleichnamige Stadt mit Piombino.<\/p>\n<p style=\"text-align: left;\">Das gesamte Gebiet ist mit einem dichten Netz aus Parkpl\u00e4tzen und Strukturen f\u00fcr den Badebetrieb (Bars, Strandb\u00e4der, Campingpl\u00e4tze) ausgestattet.<\/p>\n<p style=\"text-align: left;\">\u00dcberall in der Region sind Zugv\u00f6gel zu sehen, die in der WWF-Oase Orti-Bottagone Halt machen.<\/p>\n<\/div><div class=\"bt_bb_separator bt_bb_bottom_spacing_normal bt_bb_border_style_none\"><\/div><div class=\"bt_bb_separator bt_bb_bottom_spacing_medium bt_bb_border_style_none\"><\/div><\/div><\/div><\/div><div  class=\"bt_bb_column col-xl-5 col-xs-12 col-sm-12 col-md-12 col-lg-6 bt_bb_align_left bt_bb_vertical_align_middle bt_bb_padding_normal bt_bb_animation_fade_in animate\"  data-width=\"5\" data-bt-override-class=\"{&quot;bt_bb_align_&quot;:{&quot;current_class&quot;:&quot;bt_bb_align_left&quot;,&quot;xl&quot;:&quot;left&quot;,&quot;md&quot;:&quot;center&quot;,&quot;sm&quot;:&quot;center&quot;,&quot;xs&quot;:&quot;center&quot;}}\"><div class=\"bt_bb_column_content\"><div class=\"bt_bb_column_content_inner\"><div class=\"bt_bb_image bt_bb_shape_square bt_bb_align_inherit bt_bb_hover_style_simple bt_bb_content_display_always bt_bb_content_align_middle\" data-bt-override-class=\"{}\"><span><img width=\"1200\" height=\"1100\" src=\"https:\/\/www.vacanzebaratti.it\/wp-content\/uploads\/2022\/01\/costa-est.jpg\" class=\"attachment-full size-full\" alt=\"https:\/\/www.vacanzebaratti.it\/wp-content\/uploads\/2022\/01\/costa-est.jpg\" data-full_image_src=\"https:\/\/www.vacanzebaratti.it\/wp-content\/uploads\/2022\/01\/costa-est.jpg\" title=\"costa-est\" srcset=\"https:\/\/www.vacanzebaratti.it\/wp-content\/uploads\/2022\/01\/costa-est.jpg 1200w, https:\/\/www.vacanzebaratti.it\/wp-content\/uploads\/2022\/01\/costa-est-640x587.jpg 640w, https:\/\/www.vacanzebaratti.it\/wp-content\/uploads\/2022\/01\/costa-est-768x704.jpg 768w, https:\/\/www.vacanzebaratti.it\/wp-content\/uploads\/2022\/01\/costa-est-320x293.jpg 320w\" sizes=\"(max-width: 1200px) 100vw, 1200px\" \/><\/span><\/div><\/div><\/div><\/div><\/div><\/div><\/div><\/div><\/div><\/section><section id=\"bt_bb_section6a9a7a34a77bd\"  class=\"bt_bb_section bt_bb_layout_wide bt_bb_vertical_align_top\" ><div class=\"bt_bb_port\"><div class=\"bt_bb_cell\"><div class=\"bt_bb_cell_inner\"><div class=\"bt_bb_row_wrapper\"><div  class=\"bt_bb_row bt_bb_column_gap_0\" ><div  class=\"bt_bb_column col-xl-5 col-xs-12 col-sm-12 col-md-12 col-lg-6 bt_bb_align_left bt_bb_vertical_align_middle bt_bb_order_md_2 bt_bb_order_sm_2 bt_bb_order_xs_2 bt_bb_padding_normal bt_bb_animation_fade_in animate\"  data-width=\"5\" data-bt-override-class=\"{&quot;bt_bb_align_&quot;:{&quot;current_class&quot;:&quot;bt_bb_align_left&quot;,&quot;xl&quot;:&quot;left&quot;,&quot;md&quot;:&quot;center&quot;,&quot;sm&quot;:&quot;center&quot;,&quot;xs&quot;:&quot;center&quot;}}\"><div class=\"bt_bb_column_content\"><div class=\"bt_bb_column_content_inner\"><div class=\"bt_bb_image bt_bb_shape_square bt_bb_align_inherit bt_bb_hover_style_simple bt_bb_content_display_always bt_bb_content_align_middle\" data-bt-override-class=\"{}\"><span><img width=\"793\" height=\"727\" src=\"https:\/\/www.vacanzebaratti.it\/wp-content\/uploads\/2022\/01\/RIMIGLIANO-SPIAGGIA.jpg\" class=\"attachment-full size-full\" alt=\"https:\/\/www.vacanzebaratti.it\/wp-content\/uploads\/2022\/01\/RIMIGLIANO-SPIAGGIA.jpg\" data-full_image_src=\"https:\/\/www.vacanzebaratti.it\/wp-content\/uploads\/2022\/01\/RIMIGLIANO-SPIAGGIA.jpg\" title=\"RIMIGLIANO-SPIAGGIA\" srcset=\"https:\/\/www.vacanzebaratti.it\/wp-content\/uploads\/2022\/01\/RIMIGLIANO-SPIAGGIA.jpg 793w, https:\/\/www.vacanzebaratti.it\/wp-content\/uploads\/2022\/01\/RIMIGLIANO-SPIAGGIA-640x587.jpg 640w, https:\/\/www.vacanzebaratti.it\/wp-content\/uploads\/2022\/01\/RIMIGLIANO-SPIAGGIA-768x704.jpg 768w, https:\/\/www.vacanzebaratti.it\/wp-content\/uploads\/2022\/01\/RIMIGLIANO-SPIAGGIA-320x293.jpg 320w\" sizes=\"(max-width: 793px) 100vw, 793px\" \/><\/span><\/div><\/div><\/div><\/div><div  class=\"bt_bb_column col-xl-7 col-xs-12 col-sm-12 col-md-12 col-lg-6 bt_bb_align_center bt_bb_vertical_align_middle bt_bb_order_md_1 bt_bb_order_sm_1 bt_bb_order_xs_1 btLazyLoadBackground bt_bb_column_background_image bt_bb_padding_20 bt_bb_animation_fade_in animate\" style=\"background-image:url(&#039;https:\/\/www.vacanzebaratti.it\/wp-content\/plugins\/bold-page-builder\/img\/blank.gif&#039;);\" data-background_image_src='https:\/\/www.vacanzebaratti.it\/wp-content\/uploads\/2022\/01\/banner-spiagge.png' data-width=\"7\" data-bt-override-class=\"{&quot;bt_bb_align_&quot;:{&quot;current_class&quot;:&quot;bt_bb_align_center&quot;,&quot;xl&quot;:&quot;center&quot;}}\"><div class=\"bt_bb_column_content\"><div class=\"bt_bb_column_content_inner\"><div class=\"bt_bb_separator bt_bb_bottom_spacing_medium bt_bb_border_style_none\"><\/div><div class=\"bt_bb_icon bt_bb_color_scheme_3 bt_bb_style_borderless bt_bb_size_xlarge bt_bb_shape_circle bt_bb_align_inherit\" data-bt-override-class=\"{&quot;bt_bb_size_&quot;:{&quot;current_class&quot;:&quot;bt_bb_size_xlarge&quot;,&quot;xl&quot;:&quot;xlarge&quot;},&quot;bt_bb_align_&quot;:{&quot;current_class&quot;:&quot;bt_bb_align_inherit&quot;,&quot;xl&quot;:&quot;inherit&quot;}}\"><span  data-ico-drawings=\"&#xe91c;\" class=\"bt_bb_icon_holder\"><\/span><\/div><header class=\"bt_bb_headline bt_bb_dash_none bt_bb_size_normal bt_bb_align_inherit\" data-bt-override-class=\"{}\"><h3 class=\"bt_bb_headline_tag\"><span class=\"bt_bb_headline_content\"><span>Strand von Rimigliano<\/span><\/span><\/h3><\/header><div class=\"bt_bb_separator bt_bb_bottom_spacing_normal bt_bb_border_style_none\"><\/div><div  class=\"bt_bb_text\" style=\" max-width: 530px; margin: 0 auto;\"><p>Inmitten des K\u00fcstenparks von Rimigliano erstreckt sich \u00fcber circa 8 km der gleichnamige Strand. Er ist der \u201eK\u00f6nig\u201c der Sandstr\u00e4nde, geh\u00f6rt zur angrenzenden Ortschaft San Vincenzo und ist der zur 4 km (circa 10 Minuten Autofahrt) entfernten malerischen Baratti-Bucht n\u00e4chstgelegene Strand.<\/p>\n<p>Die gesamte Region zeichnet sich durch eine sehr geringe Anthrophisierung aus; ihre nur wenig vom Menschen ver\u00e4nderte Naturlandschaft ist ein beliebtes Ziel f\u00fcr Menschen, die wilde Str\u00e4nde mit weichem Sand, kristallklares Wasser und dichte Pinienw\u00e4lder m\u00f6gen.<\/p>\n<p>Zum Strand f\u00fchren eine Reihe von Zug\u00e4ngen von den entlang der gesamten \u201eViale della Principessa\u201c gelegenen Parkpl\u00e4tzen.<\/p>\n<p>Radwege f\u00fchren durch das gesamte Gebiet und verbinden die verschiedenen Zug\u00e4nge mit einer Reihe von Strukturen wie Toiletten, einer Bar (Zugang Nr. 4) und einem FKK-Strand (Zugang Nr. 9).<\/p>\n<\/div><div class=\"bt_bb_separator bt_bb_bottom_spacing_normal bt_bb_border_style_none\"><\/div><div class=\"bt_bb_separator bt_bb_bottom_spacing_medium bt_bb_border_style_none\"><\/div><\/div><\/div><\/div><\/div><\/div><\/div><\/div><\/div><\/section><section id=\"bt_bb_section6a9a7a34aa7cc\"  class=\"bt_bb_section bt_bb_top_spacing_medium bt_bb_bottom_spacing_normal bt_bb_layout_boxed_800 bt_bb_vertical_align_top\" ><div class=\"bt_bb_port\"><div class=\"bt_bb_cell\"><div class=\"bt_bb_cell_inner\"><div class=\"bt_bb_row_wrapper\"><div  class=\"bt_bb_row\" ><div  class=\"bt_bb_column col-xl-12 col-xs-12 col-sm-12 col-md-12 col-lg-12 bt_bb_align_left bt_bb_vertical_align_bottom bt_bb_padding_normal bt_bb_animation_fade_in animate\"  data-width=\"12\" data-bt-override-class=\"{&quot;bt_bb_align_&quot;:{&quot;current_class&quot;:&quot;bt_bb_align_left&quot;,&quot;xl&quot;:&quot;left&quot;}}\"><div class=\"bt_bb_column_content\"><div class=\"bt_bb_column_content_inner\"><header class=\"bt_bb_headline bt_bb_dash_none bt_bb_subtitle_style_regular bt_bb_size_normal bt_bb_align_inherit\" data-bt-override-class=\"{&quot;bt_bb_size_&quot;:{&quot;current_class&quot;:&quot;bt_bb_size_normal&quot;,&quot;xl&quot;:&quot;normal&quot;},&quot;bt_bb_align_&quot;:{&quot;current_class&quot;:&quot;bt_bb_align_inherit&quot;,&quot;xl&quot;:&quot;inherit&quot;}}\"><h3 class=\"bt_bb_headline_tag\"><span class=\"bt_bb_headline_content\"><span>Sie m\u00f6chten buchen? Kontaktieren Sie uns jetzt.<\/span><\/span><\/h3><\/header><div class=\"bt_bb_separator bt_bb_top_spacing_medium bt_bb_border_style_none\"><\/div><div class=\"bt_bb_contact_form_7\"><div role=\"form\" class=\"wpcf7\" id=\"wpcf7-f7616-o1\" lang=\"en-US\" dir=\"ltr\">\n<div class=\"screen-reader-response\"><p role=\"status\" aria-live=\"polite\" aria-atomic=\"true\"><\/p> <ul><\/ul><\/div>\n<form action=\"\/de\/wp-json\/wp\/v2\/pages\/3949#wpcf7-f7616-o1\" method=\"post\" class=\"wpcf7-form init\" novalidate=\"novalidate\" data-status=\"init\">\n<div style=\"display: none;\">\n<input type=\"hidden\" name=\"_wpcf7\" value=\"7616\" \/>\n<input type=\"hidden\" name=\"_wpcf7_version\" value=\"5.5.3\" \/>\n<input type=\"hidden\" name=\"_wpcf7_locale\" value=\"en_US\" \/>\n<input type=\"hidden\" name=\"_wpcf7_unit_tag\" value=\"wpcf7-f7616-o1\" \/>\n<input type=\"hidden\" name=\"_wpcf7_container_post\" value=\"0\" \/>\n<input type=\"hidden\" name=\"_wpcf7_posted_data_hash\" value=\"\" \/>\n<\/div>\n<div class=\"tm-commonform tm-contactform-01\">\n<div class=\"bt_bb_row bt_bb_column_gap_0\">\n<div class=\"bt_bb_column col-xl-6 col-lg-6 col-md-6 col-sm-12 col-xs-12\">\n      <span class=\"wpcf7-form-control-wrap your-name\"><input type=\"text\" name=\"your-name\" value=\"\" size=\"40\" class=\"wpcf7-form-control wpcf7-text wpcf7-validates-as-required\" autocomplete=\"name\" aria-required=\"true\" aria-invalid=\"false\" placeholder=\"Vorname und Nachname\" \/><\/span>\n    <\/div>\n<div class=\"bt_bb_column col-xl-6 col-lg-6 col-md-6 col-sm-12 col-xs-12\">\n      <span class=\"wpcf7-form-control-wrap your-email\"><input type=\"email\" name=\"your-email\" value=\"\" size=\"40\" class=\"wpcf7-form-control wpcf7-text wpcf7-email wpcf7-validates-as-required wpcf7-validates-as-email\" autocomplete=\"email\" aria-required=\"true\" aria-invalid=\"false\" placeholder=\"E-mail\" \/><\/span>\n    <\/div>\n<\/div>\n<div class=\"bt_bb_row bt_bb_column_gap_0\">\n<div class=\"bt_bb_column col-xl-6 col-lg-6 col-md-6 col-sm-12 col-xs-12\">\n      <span class=\"wpcf7-form-control-wrap checkin\"><input type=\"date\" name=\"checkin\" value=\"\" class=\"wpcf7-form-control wpcf7-date wpcf7-validates-as-required wpcf7-validates-as-date\" aria-required=\"true\" aria-invalid=\"false\" placeholder=\"Ankunftsdatum\" \/><\/span>\n    <\/div>\n<div class=\"bt_bb_column col-xl-6 col-lg-6 col-md-6 col-sm-12 col-xs-12\">\n      <span class=\"wpcf7-form-control-wrap checkout\"><input type=\"date\" name=\"checkout\" value=\"\" class=\"wpcf7-form-control wpcf7-date wpcf7-validates-as-required wpcf7-validates-as-date\" aria-required=\"true\" aria-invalid=\"false\" placeholder=\"Abreisedatum\" \/><\/span>\n    <\/div>\n<\/div>\n<div class=\"bt_bb_row bt_bb_column_gap_0\">\n<div class=\"bt_bb_column col-xl-6 col-lg-6 col-md-6 col-sm-12 col-xs-12\">\n      <span class=\"wpcf7-form-control-wrap adults\"><input type=\"number\" name=\"adults\" value=\"\" class=\"wpcf7-form-control wpcf7-number wpcf7-validates-as-required wpcf7-validates-as-number\" min=\"1\" aria-required=\"true\" aria-invalid=\"false\" placeholder=\"Anzahl Erwachsene\" \/><\/span>\n    <\/div>\n<div class=\"bt_bb_column col-xl-6 col-lg-6 col-md-6 col-sm-12 col-xs-12\">\n      <span class=\"wpcf7-form-control-wrap children\"><input type=\"number\" name=\"children\" value=\"\" class=\"wpcf7-form-control wpcf7-number wpcf7-validates-as-number\" min=\"0\" aria-invalid=\"false\" placeholder=\"Anzahl der Kinder\" \/><\/span>\n    <\/div>\n<\/div>\n<p>  <!-- Messaggio largo ma non gigantesco --><\/p>\n<div class=\"bt_bb_row bt_bb_column_gap_0\">\n<div class=\"bt_bb_column col-xl-12 col-lg-12 col-md-12 col-sm-12 col-xs-12\">\n      <span class=\"wpcf7-form-control-wrap your-message\"><textarea name=\"your-message\" cols=\"40\" rows=\"4\" class=\"wpcf7-form-control wpcf7-textarea\" aria-invalid=\"false\" placeholder=\"Sonderw\u00fcnsche oder zus\u00e4tzliche Informationen...\"><\/textarea><\/span>\n    <\/div>\n<\/div>\n<p><br><\/p>\n<div class=\"privacy-acceptance\">\n  <span class=\"wpcf7-form-control-wrap accettazione\"><span class=\"wpcf7-form-control wpcf7-acceptance\"><span class=\"wpcf7-list-item\"><label><input type=\"checkbox\" name=\"accettazione\" value=\"1\" aria-invalid=\"false\" \/><span class=\"wpcf7-list-item-label\">Ich erkl\u00e4re, dass ich die Datenschutzbestimmungen gelesen habe und der Verarbeitung meiner personenbezogenen Daten zu den angegebenen Zwecken zustimme.<\/span><\/label><\/span><\/span><\/span>\n  <\/div>\n<p><br><\/p>\n<div class=\"tm-contact-btn tm-btn-color-darkgrey tm-btn-style-outline tm-btn-shape-square elementor-widget elementor-widget-button\">\n    <input type=\"submit\" value=\"Fordern Sie ein Angebot an\" class=\"wpcf7-form-control has-spinner wpcf7-submit elementor-button-link elementor-button elementor-size-md\" \/>\n  <\/div>\n<div class=\"wpcf7-response-output\" aria-hidden=\"true\"><\/div>\n<\/div>\n<\/form><\/div><\/div><\/div><\/div><\/div><\/div><\/div><\/div><\/div><\/div><\/section><\/div>","protected":false},"excerpt":{"rendered":"","protected":false},"author":1,"featured_media":0,"parent":0,"menu_order":0,"comment_status":"closed","ping_status":"closed","template":"","meta":[],"yoast_head":"<!-- This site is optimized with the Yoast SEO plugin v18.0 - https:\/\/yoast.com\/wordpress\/plugins\/seo\/ -->\n<title>Strandurlaub Toskana - Agriturismo San Giuseppe<\/title>\n<meta name=\"description\" content=\"F\u00fcr Ihren Strandurlaub in der Toskana sind Sie hier am idealen Ort, denn wir sind nur wenige Meter vom Strand des Golfs von Baratti entfernt .\" \/>\n<meta name=\"robots\" content=\"index, follow, max-snippet:-1, max-image-preview:large, max-video-preview:-1\" \/>\n<link rel=\"canonical\" href=\"https:\/\/www.vacanzebaratti.it\/de\/strandurlaub-toskana\/\" \/>\n<meta property=\"og:locale\" content=\"de_DE\" \/>\n<meta property=\"og:type\" content=\"article\" \/>\n<meta property=\"og:title\" content=\"Strandurlaub Toskana - Agriturismo San Giuseppe\" \/>\n<meta property=\"og:description\" content=\"F\u00fcr Ihren Strandurlaub in der Toskana sind Sie hier am idealen Ort, denn wir sind nur wenige Meter vom Strand des Golfs von Baratti entfernt .\" \/>\n<meta property=\"og:url\" content=\"https:\/\/www.vacanzebaratti.it\/de\/strandurlaub-toskana\/\" \/>\n<meta property=\"og:site_name\" content=\"Agriturismo San Giuseppe\" \/>\n<meta property=\"article:modified_time\" content=\"2026-02-20T14:10:37+00:00\" \/>\n<meta name=\"twitter:card\" content=\"summary_large_image\" \/>\n<meta name=\"twitter:label1\" content=\"Gesch\u00e4tzte Lesezeit\" \/>\n\t<meta name=\"twitter:data1\" content=\"18\u00a0Minuten\" \/>\n<script type=\"application\/ld+json\" class=\"yoast-schema-graph\">{\"@context\":\"https:\/\/schema.org\",\"@graph\":[{\"@type\":\"Organization\",\"@id\":\"https:\/\/www.vacanzebaratti.it\/#organization\",\"name\":\"Podere San Giuseppe\",\"url\":\"https:\/\/www.vacanzebaratti.it\/\",\"sameAs\":[],\"logo\":{\"@type\":\"ImageObject\",\"@id\":\"https:\/\/www.vacanzebaratti.it\/#logo\",\"inLanguage\":\"de\",\"url\":\"https:\/\/www.vacanzebaratti.it\/wp-content\/uploads\/2022\/05\/sangiuseppe-favicon.png\",\"contentUrl\":\"https:\/\/www.vacanzebaratti.it\/wp-content\/uploads\/2022\/05\/sangiuseppe-favicon.png\",\"width\":512,\"height\":512,\"caption\":\"Podere San Giuseppe\"},\"image\":{\"@id\":\"https:\/\/www.vacanzebaratti.it\/#logo\"}},{\"@type\":\"WebSite\",\"@id\":\"https:\/\/www.vacanzebaratti.it\/#website\",\"url\":\"https:\/\/www.vacanzebaratti.it\/\",\"name\":\"Agriturismo San Giuseppe\",\"description\":\"Agriturismo a Baratti\",\"publisher\":{\"@id\":\"https:\/\/www.vacanzebaratti.it\/#organization\"},\"potentialAction\":[{\"@type\":\"SearchAction\",\"target\":{\"@type\":\"EntryPoint\",\"urlTemplate\":\"https:\/\/www.vacanzebaratti.it\/?s={search_term_string}\"},\"query-input\":\"required name=search_term_string\"}],\"inLanguage\":\"de\"},{\"@type\":\"WebPage\",\"@id\":\"https:\/\/www.vacanzebaratti.it\/de\/strandurlaub-toskana\/#webpage\",\"url\":\"https:\/\/www.vacanzebaratti.it\/de\/strandurlaub-toskana\/\",\"name\":\"Strandurlaub Toskana - Agriturismo San Giuseppe\",\"isPartOf\":{\"@id\":\"https:\/\/www.vacanzebaratti.it\/#website\"},\"datePublished\":\"2022-01-25T10:05:13+00:00\",\"dateModified\":\"2026-02-20T14:10:37+00:00\",\"description\":\"F\u00fcr Ihren Strandurlaub in der Toskana sind Sie hier am idealen Ort, denn wir sind nur wenige Meter vom Strand des Golfs von Baratti entfernt .\",\"breadcrumb\":{\"@id\":\"https:\/\/www.vacanzebaratti.it\/de\/strandurlaub-toskana\/#breadcrumb\"},\"inLanguage\":\"de\",\"potentialAction\":[{\"@type\":\"ReadAction\",\"target\":[\"https:\/\/www.vacanzebaratti.it\/de\/strandurlaub-toskana\/\"]}]},{\"@type\":\"BreadcrumbList\",\"@id\":\"https:\/\/www.vacanzebaratti.it\/de\/strandurlaub-toskana\/#breadcrumb\",\"itemListElement\":[{\"@type\":\"ListItem\",\"position\":1,\"name\":\"Home\",\"item\":\"https:\/\/www.vacanzebaratti.it\/de\/\"},{\"@type\":\"ListItem\",\"position\":2,\"name\":\"Str\u00e4nde\"}]}]}<\/script>\n<!-- \/ Yoast SEO plugin. -->","yoast_head_json":{"title":"Strandurlaub Toskana - Agriturismo San Giuseppe","description":"F\u00fcr Ihren Strandurlaub in der Toskana sind Sie hier am idealen Ort, denn wir sind nur wenige Meter vom Strand des Golfs von Baratti entfernt .","robots":{"index":"index","follow":"follow","max-snippet":"max-snippet:-1","max-image-preview":"max-image-preview:large","max-video-preview":"max-video-preview:-1"},"canonical":"https:\/\/www.vacanzebaratti.it\/de\/strandurlaub-toskana\/","og_locale":"de_DE","og_type":"article","og_title":"Strandurlaub Toskana - Agriturismo San Giuseppe","og_description":"F\u00fcr Ihren Strandurlaub in der Toskana sind Sie hier am idealen Ort, denn wir sind nur wenige Meter vom Strand des Golfs von Baratti entfernt .","og_url":"https:\/\/www.vacanzebaratti.it\/de\/strandurlaub-toskana\/","og_site_name":"Agriturismo San Giuseppe","article_modified_time":"2026-02-20T14:10:37+00:00","twitter_card":"summary_large_image","twitter_misc":{"Gesch\u00e4tzte Lesezeit":"18\u00a0Minuten"},"schema":{"@context":"https:\/\/schema.org","@graph":[{"@type":"Organization","@id":"https:\/\/www.vacanzebaratti.it\/#organization","name":"Podere San Giuseppe","url":"https:\/\/www.vacanzebaratti.it\/","sameAs":[],"logo":{"@type":"ImageObject","@id":"https:\/\/www.vacanzebaratti.it\/#logo","inLanguage":"de","url":"https:\/\/www.vacanzebaratti.it\/wp-content\/uploads\/2022\/05\/sangiuseppe-favicon.png","contentUrl":"https:\/\/www.vacanzebaratti.it\/wp-content\/uploads\/2022\/05\/sangiuseppe-favicon.png","width":512,"height":512,"caption":"Podere San Giuseppe"},"image":{"@id":"https:\/\/www.vacanzebaratti.it\/#logo"}},{"@type":"WebSite","@id":"https:\/\/www.vacanzebaratti.it\/#website","url":"https:\/\/www.vacanzebaratti.it\/","name":"Agriturismo San Giuseppe","description":"Agriturismo a Baratti","publisher":{"@id":"https:\/\/www.vacanzebaratti.it\/#organization"},"potentialAction":[{"@type":"SearchAction","target":{"@type":"EntryPoint","urlTemplate":"https:\/\/www.vacanzebaratti.it\/?s={search_term_string}"},"query-input":"required name=search_term_string"}],"inLanguage":"de"},{"@type":"WebPage","@id":"https:\/\/www.vacanzebaratti.it\/de\/strandurlaub-toskana\/#webpage","url":"https:\/\/www.vacanzebaratti.it\/de\/strandurlaub-toskana\/","name":"Strandurlaub Toskana - Agriturismo San Giuseppe","isPartOf":{"@id":"https:\/\/www.vacanzebaratti.it\/#website"},"datePublished":"2022-01-25T10:05:13+00:00","dateModified":"2026-02-20T14:10:37+00:00","description":"F\u00fcr Ihren Strandurlaub in der Toskana sind Sie hier am idealen Ort, denn wir sind nur wenige Meter vom Strand des Golfs von Baratti entfernt .","breadcrumb":{"@id":"https:\/\/www.vacanzebaratti.it\/de\/strandurlaub-toskana\/#breadcrumb"},"inLanguage":"de","potentialAction":[{"@type":"ReadAction","target":["https:\/\/www.vacanzebaratti.it\/de\/strandurlaub-toskana\/"]}]},{"@type":"BreadcrumbList","@id":"https:\/\/www.vacanzebaratti.it\/de\/strandurlaub-toskana\/#breadcrumb","itemListElement":[{"@type":"ListItem","position":1,"name":"Home","item":"https:\/\/www.vacanzebaratti.it\/de\/"},{"@type":"ListItem","position":2,"name":"Str\u00e4nde"}]}]}},"_links":{"self":[{"href":"https:\/\/www.vacanzebaratti.it\/de\/wp-json\/wp\/v2\/pages\/3949"}],"collection":[{"href":"https:\/\/www.vacanzebaratti.it\/de\/wp-json\/wp\/v2\/pages"}],"about":[{"href":"https:\/\/www.vacanzebaratti.it\/de\/wp-json\/wp\/v2\/types\/page"}],"author":[{"embeddable":true,"href":"https:\/\/www.vacanzebaratti.it\/de\/wp-json\/wp\/v2\/users\/1"}],"replies":[{"embeddable":true,"href":"https:\/\/www.vacanzebaratti.it\/de\/wp-json\/wp\/v2\/comments?post=3949"}],"version-history":[{"count":13,"href":"https:\/\/www.vacanzebaratti.it\/de\/wp-json\/wp\/v2\/pages\/3949\/revisions"}],"predecessor-version":[{"id":7743,"href":"https:\/\/www.vacanzebaratti.it\/de\/wp-json\/wp\/v2\/pages\/3949\/revisions\/7743"}],"wp:attachment":[{"href":"https:\/\/www.vacanzebaratti.it\/de\/wp-json\/wp\/v2\/media?parent=3949"}],"curies":[{"name":"wp","href":"https:\/\/api.w.org\/{rel}","templated":true}]}}